{"id":253,"date":"2026-03-06T15:06:04","date_gmt":"2026-03-06T15:06:04","guid":{"rendered":"https:\/\/oliviermetellus.fr\/?page_id=253"},"modified":"2026-03-14T17:33:38","modified_gmt":"2026-03-14T17:33:38","slug":"contributions","status":"publish","type":"page","link":"https:\/\/oliviermetellus.fr\/index.php\/contributions\/","title":{"rendered":"Contributions"},"content":{"rendered":"\n<div class=\"wp-block-group alignwide is-layout-flow wp-block-group-is-layout-flow\">\n<p>Mes contributions prennent trois formes compl\u00e9mentaires : <strong>\u00e9crire<\/strong>, <strong>interviewer<\/strong>, <strong>prendre la parole<\/strong>. Les supports ont vari\u00e9 au fil du temps \u2014 presse et web, plateformes, cadre associatif \u2014 mais le fil reste constant : mettre en lumi\u00e8re des trajectoires, clarifier des id\u00e9es, et faire circuler une parole. <\/p>\n\n\n\n<p>Cette section rassemble ces productions en \u201ccollections\u201d pour une lecture simple : une s\u00e9lection en vitrine, le reste en archives consultables.<\/p>\n<\/div>\n\n\n\n<div class=\"wp-block-columns alignwide is-layout-flex wp-container-core-columns-is-layout-28f84493 wp-block-columns-is-layout-flex\" style=\"font-style:normal;font-weight:600\">\n<div class=\"wp-block-column has-custom-gris-clair-background-color has-background is-layout-flow wp-block-column-is-layout-flow\" style=\"padding-top:var(--wp--preset--spacing--20);padding-right:var(--wp--preset--spacing--20);padding-bottom:var(--wp--preset--spacing--20);padding-left:var(--wp--preset--spacing--20)\">\n<p><strong>\u00c9crire<\/strong> : clarifier, structurer, transmettre<\/p>\n<\/div>\n\n\n\n<div class=\"wp-block-column has-custom-gris-clair-background-color has-background is-layout-flow wp-block-column-is-layout-flow\" style=\"padding-top:var(--wp--preset--spacing--20);padding-right:var(--wp--preset--spacing--20);padding-bottom:var(--wp--preset--spacing--20);padding-left:var(--wp--preset--spacing--20)\">\n<p><strong>Interviewer<\/strong> : \u00e9couter, pr\u00e9parer, restituer<\/p>\n<\/div>\n\n\n\n<div class=\"wp-block-column has-custom-gris-clair-background-color has-background is-layout-flow wp-block-column-is-layout-flow\" style=\"padding-top:var(--wp--preset--spacing--20);padding-right:var(--wp--preset--spacing--20);padding-bottom:var(--wp--preset--spacing--20);padding-left:var(--wp--preset--spacing--20)\">\n<p><strong>Prendre la parole<\/strong> : installer un cadre, relier des publics<\/p>\n<\/div>\n<\/div>\n\n\n\n<div class=\"wp-block-columns alignwide is-layout-flex wp-container-core-columns-is-layout-28f84493 wp-block-columns-is-layout-flex\">\n<div class=\"wp-block-column has-border-color has-custom-gris-clair-background-color has-background is-layout-flow wp-block-column-is-layout-flow\" style=\"border-color:#182984;border-top-left-radius:20px;border-top-right-radius:20px;border-bottom-left-radius:20px;border-bottom-right-radius:20px;padding-top:var(--wp--preset--spacing--20);padding-right:var(--wp--preset--spacing--20);padding-bottom:var(--wp--preset--spacing--20);padding-left:var(--wp--preset--spacing--20)\">\n<figure class=\"wp-block-image size-large\"><img loading=\"lazy\" decoding=\"async\" width=\"1024\" height=\"427\" src=\"https:\/\/oliviermetellus.fr\/wp-content\/uploads\/2026\/02\/hub_ecrits_1200x500_wp-1024x427.jpg\" alt=\"\" class=\"wp-image-331\" srcset=\"https:\/\/oliviermetellus.fr\/wp-content\/uploads\/2026\/02\/hub_ecrits_1200x500_wp-1024x427.jpg 1024w, https:\/\/oliviermetellus.fr\/wp-content\/uploads\/2026\/02\/hub_ecrits_1200x500_wp-300x125.jpg 300w, https:\/\/oliviermetellus.fr\/wp-content\/uploads\/2026\/02\/hub_ecrits_1200x500_wp-768x320.jpg 768w, https:\/\/oliviermetellus.fr\/wp-content\/uploads\/2026\/02\/hub_ecrits_1200x500_wp.jpg 1200w\" sizes=\"auto, (max-width: 1024px) 100vw, 1024px\" \/><\/figure>\n\n\n\n<p><em>Articles, notes de lecture, r\u00e9cits de terrain<\/em><\/p>\n\n\n\n<h3 class=\"wp-block-heading\">Textes de transmission, de litt\u00e9rature et de culture<\/h3>\n\n\n\n<p>A la une :<\/p>\n\n\n\n<p class=\"is-style-default has-medium-font-size\">Liens et documents disponibles sur la sous-page<\/p>\n\n\n\n<ul class=\"wp-block-list\">\n<li>Visite en po\u00e9sie au MIDAN : art na\u00eff &amp; transmission (AAJM, 2026)<\/li>\n\n\n\n<li>Note de lecture, Ir\u00e8ne Lur\u00e7at, Comment je suis devenu gros (AAJM, 2026)<\/li>\n\n\n\n<li>IA &amp; litt\u00e9rature : horizons du regard francophone (AAJM, 2025)<\/li>\n\n\n\n<li>Hommage G\u00e9rard Aubourg (Pour Ha\u00efti, 2024)<\/li>\n<\/ul>\n\n\n\n<div class=\"wp-block-buttons is-layout-flex wp-block-buttons-is-layout-flex\">\n<div class=\"wp-block-button\"><a class=\"wp-block-button__link has-custom-blanc-color has-custom-bleu-accent-cta-background-color has-text-color has-background has-link-color wp-element-button\" href=\"https:\/\/oliviermetellus.fr\/index.php\/ecrits-publications\/\">Voir les \u00e9crits<\/a><\/div>\n<\/div>\n<\/div>\n\n\n\n<div class=\"wp-block-column has-border-color has-custom-gris-clair-background-color has-background is-layout-flow wp-block-column-is-layout-flow\" style=\"border-color:#182984;border-top-left-radius:20px;border-top-right-radius:20px;border-bottom-left-radius:20px;border-bottom-right-radius:20px;padding-top:var(--wp--preset--spacing--20);padding-right:var(--wp--preset--spacing--20);padding-bottom:var(--wp--preset--spacing--20);padding-left:var(--wp--preset--spacing--20)\">\n<figure class=\"wp-block-image size-large is-resized\"><img loading=\"lazy\" decoding=\"async\" width=\"1024\" height=\"427\" src=\"https:\/\/oliviermetellus.fr\/wp-content\/uploads\/2026\/02\/hub_entretiens_1200x500_wp-1024x427.jpg\" alt=\"\" class=\"wp-image-332\" style=\"width:617px;height:auto\" srcset=\"https:\/\/oliviermetellus.fr\/wp-content\/uploads\/2026\/02\/hub_entretiens_1200x500_wp-1024x427.jpg 1024w, https:\/\/oliviermetellus.fr\/wp-content\/uploads\/2026\/02\/hub_entretiens_1200x500_wp-300x125.jpg 300w, https:\/\/oliviermetellus.fr\/wp-content\/uploads\/2026\/02\/hub_entretiens_1200x500_wp-768x320.jpg 768w, https:\/\/oliviermetellus.fr\/wp-content\/uploads\/2026\/02\/hub_entretiens_1200x500_wp.jpg 1200w\" sizes=\"auto, (max-width: 1024px) 100vw, 1024px\" \/><\/figure>\n\n\n\n<p><em>Portraits, parcours, dialogues<\/em><\/p>\n\n\n\n<h3 class=\"wp-block-heading\">Conduire un \u00e9change, faire \u00e9merger une voix, restituer fid\u00e8lement un parcours.<\/h3>\n\n\n\n<p><strong>A la une<\/strong> :<\/p>\n\n\n\n<p class=\"is-style-default has-medium-font-size\">Liens et documents disponibles sur la sous-page<\/p>\n\n\n\n<ul class=\"wp-block-list\">\n<li>Jean-Louis Wagens (AAJM, 2026)<\/li>\n\n\n\n<li>Rubens Louis (AAJM, 2025)<\/li>\n<\/ul>\n\n\n\n<p><em>Archives<\/em> <em>(M\u00e9tis c\u00e9l\u00e8bres, 2009)<\/em> : Sophie Ducasse, Jann Halexander, Ingrid Jacquemod, Yelena Noah<\/p>\n\n\n\n<div style=\"height:40px\" aria-hidden=\"true\" class=\"wp-block-spacer\"><\/div>\n\n\n\n<div class=\"wp-block-buttons is-layout-flex wp-block-buttons-is-layout-flex\">\n<div class=\"wp-block-button\"><a class=\"wp-block-button__link has-custom-blanc-color has-custom-bleu-accent-cta-background-color has-text-color has-background has-link-color wp-element-button\" href=\"https:\/\/oliviermetellus.fr\/index.php\/entretiens\/\">Voir les interviews<\/a><\/div>\n<\/div>\n<\/div>\n<\/div>\n\n\n\n<div class=\"wp-block-columns alignwide is-layout-flex wp-container-core-columns-is-layout-28f84493 wp-block-columns-is-layout-flex\">\n<div class=\"wp-block-column has-border-color has-custom-gris-clair-background-color has-background is-layout-flow wp-block-column-is-layout-flow\" style=\"border-color:#182984;border-top-left-radius:20px;border-top-right-radius:20px;border-bottom-left-radius:20px;border-bottom-right-radius:20px;padding-top:var(--wp--preset--spacing--20);padding-right:var(--wp--preset--spacing--20);padding-bottom:var(--wp--preset--spacing--20);padding-left:var(--wp--preset--spacing--20)\">\n<figure class=\"wp-block-image size-large\"><img loading=\"lazy\" decoding=\"async\" width=\"1024\" height=\"427\" src=\"https:\/\/oliviermetellus.fr\/wp-content\/uploads\/2026\/02\/hub_prises_de_parole_1200x500_wp-1024x427.jpg\" alt=\"\" class=\"wp-image-333\" srcset=\"https:\/\/oliviermetellus.fr\/wp-content\/uploads\/2026\/02\/hub_prises_de_parole_1200x500_wp-1024x427.jpg 1024w, https:\/\/oliviermetellus.fr\/wp-content\/uploads\/2026\/02\/hub_prises_de_parole_1200x500_wp-300x125.jpg 300w, https:\/\/oliviermetellus.fr\/wp-content\/uploads\/2026\/02\/hub_prises_de_parole_1200x500_wp-768x320.jpg 768w, https:\/\/oliviermetellus.fr\/wp-content\/uploads\/2026\/02\/hub_prises_de_parole_1200x500_wp.jpg 1200w\" sizes=\"auto, (max-width: 1024px) 100vw, 1024px\" \/><\/figure>\n\n\n\n<p><em>Prises de parole et m\u00e9dias<\/em><\/p>\n\n\n\n<h3 class=\"wp-block-heading\">Discours d\u2019ouverture, hommages, interventions : installer un cadre, donner du sens, relier des publics<\/h3>\n\n\n\n<p><strong>A la une<\/strong> :<\/p>\n\n\n\n<p class=\"is-style-default has-medium-font-size\">Liens et documents disponibles sur la sous-page<\/p>\n\n\n\n<ul class=\"wp-block-list\">\n<li>[Vid\u00e9o] H Live TV \u2014 hommage \u00e0 Jean M\u00e9tellus (2026)\n<ul class=\"wp-block-list\">\n<li>Une version \u00e9crite est \u00e9galement disponible<\/li>\n<\/ul>\n<\/li>\n\n\n\n<li>[Discours] Discours d\u2019ouverture \u2014 IA &amp; litt\u00e9rature (2025)<\/li>\n\n\n\n<li>[Presse] Le National \u2014 interview (2024)<\/li>\n\n\n\n<li>[Radio] Kon lanbi \u2014 interview (2023)\n<ul class=\"wp-block-list\">\n<li>Une version \u00e9crite est \u00e9galement disponible<\/li>\n<\/ul>\n<\/li>\n\n\n\n<li>[Discours] Discours \u2014 Prix Jean M\u00e9tellus 2023 #1 (2023)<\/li>\n<\/ul>\n\n\n\n<div style=\"height:20px\" aria-hidden=\"true\" class=\"wp-block-spacer\"><\/div>\n\n\n\n<div class=\"wp-block-buttons is-layout-flex wp-block-buttons-is-layout-flex\">\n<div class=\"wp-block-button\"><a class=\"wp-block-button__link has-custom-blanc-color has-custom-bleu-accent-cta-background-color has-text-color has-background has-link-color wp-element-button\" href=\"https:\/\/oliviermetellus.fr\/index.php\/prises-de-parole\/\">Voir les prises de parole<\/a><\/div>\n<\/div>\n<\/div>\n\n\n\n<div class=\"wp-block-column has-border-color has-custom-gris-clair-background-color has-background is-layout-flow wp-block-column-is-layout-flow\" style=\"border-color:#182984;border-top-left-radius:20px;border-top-right-radius:20px;border-bottom-left-radius:20px;border-bottom-right-radius:20px;padding-top:var(--wp--preset--spacing--20);padding-right:var(--wp--preset--spacing--20);padding-bottom:var(--wp--preset--spacing--20);padding-left:var(--wp--preset--spacing--20)\">\n<figure class=\"wp-block-image size-large is-resized\"><img loading=\"lazy\" decoding=\"async\" width=\"1024\" height=\"427\" src=\"https:\/\/oliviermetellus.fr\/wp-content\/uploads\/2026\/02\/hub_premiers_ecrits_1200x500_wp-1024x427.jpg\" alt=\"\" class=\"wp-image-334\" style=\"width:617px;height:auto\" srcset=\"https:\/\/oliviermetellus.fr\/wp-content\/uploads\/2026\/02\/hub_premiers_ecrits_1200x500_wp-1024x427.jpg 1024w, https:\/\/oliviermetellus.fr\/wp-content\/uploads\/2026\/02\/hub_premiers_ecrits_1200x500_wp-300x125.jpg 300w, https:\/\/oliviermetellus.fr\/wp-content\/uploads\/2026\/02\/hub_premiers_ecrits_1200x500_wp-768x320.jpg 768w, https:\/\/oliviermetellus.fr\/wp-content\/uploads\/2026\/02\/hub_premiers_ecrits_1200x500_wp.jpg 1200w\" sizes=\"auto, (max-width: 1024px) 100vw, 1024px\" \/><\/figure>\n\n\n\n<p><em>Premiers \u00e9crits<\/em> (2006-2010)<\/p>\n\n\n\n<h3 class=\"wp-block-heading\">Recensions, portraits et notes de lecture : une premi\u00e8re \u00e9cole d\u2019\u00e9criture et de synth\u00e8se, entre revue en ligne et plateformes de critique.<\/h3>\n\n\n\n<p><strong>A la une<\/strong> :<\/p>\n\n\n\n<p class=\"is-style-default has-medium-font-size\">Liens et documents disponibles sur la sous-page<\/p>\n\n\n\n<ul class=\"wp-block-list\">\n<li>[Esprit M\u00e9tis] Damian \u201cJunior Gong\u201d Marley \u2014 M\u00e9tis, et alors (2010)<\/li>\n\n\n\n<li>[Esprit M\u00e9tis] Fran\u00e7ois Fournier de Pescay \u2014 pr\u00e9curseur de la chirurgie moderne (2008)<\/li>\n\n\n\n<li>[Esprit M\u00e9tis] Kimball O\u2019Hara \u2014 h\u00e9ros du roman de Rudyard Kipling (2007)<\/li>\n\n\n\n<li>[Recensions (Shvoong)] La banque et la vie, Jacques de Fouchier, (2006)<\/li>\n<\/ul>\n\n\n\n<div style=\"height:95px\" aria-hidden=\"true\" class=\"wp-block-spacer\"><\/div>\n\n\n\n<div class=\"wp-block-buttons is-layout-flex wp-block-buttons-is-layout-flex\">\n<div class=\"wp-block-button\"><a class=\"wp-block-button__link has-custom-blanc-color has-custom-bleu-accent-cta-background-color has-text-color has-background has-link-color wp-element-button\" href=\"https:\/\/oliviermetellus.fr\/index.php\/premiers-ecrits\/\">Voir les archives<\/a><\/div>\n<\/div>\n<\/div>\n<\/div>\n\n\n\n<div style=\"height:50px\" aria-hidden=\"true\" class=\"wp-block-spacer\"><\/div>\n\n\n\n<h2 class=\"wp-block-heading alignwide\">Pour aller plus loin<\/h2>\n\n\n\n<div class=\"wp-block-group alignwide is-layout-flow wp-block-group-is-layout-flow\">\n<ul class=\"wp-block-list\">\n<li><a href=\"https:\/\/oliviermetellus.fr\/index.php\/culture-transmission\/\" data-type=\"page\" data-id=\"68\">Engagements culturels &amp; m\u00e9moriels<\/a><\/li>\n\n\n\n<li><a href=\"https:\/\/oliviermetellus.fr\/index.php\/parcours-experiences\/\" data-type=\"page\" data-id=\"31\">Entrer dans le parcours professionnel<\/a><\/li>\n<\/ul>\n<\/div>\n","protected":false},"excerpt":{"rendered":"<p>Mes contributions prennent trois formes compl\u00e9mentaires : \u00e9crire, interviewer, prendre la parole. Les supports ont vari\u00e9 au fil du temps \u2014 presse et web, plateformes, cadre associatif \u2014 mais le fil reste constant : mettre en lumi\u00e8re des trajectoires, clarifier des id\u00e9es, et faire circuler une parole. Cette section rassemble ces productions en \u201ccollections\u201d pour [&hellip;]<\/p>\n","protected":false},"author":1,"featured_media":0,"parent":0,"menu_order":0,"comment_status":"closed","ping_status":"closed","template":"page-interne-bandeau-bleu","meta":{"footnotes":""},"class_list":["post-253","page","type-page","status-publish","hentry"],"_links":{"self":[{"href":"https:\/\/oliviermetellus.fr\/index.php\/wp-json\/wp\/v2\/pages\/253","targetHints":{"allow":["GET"]}}],"collection":[{"href":"https:\/\/oliviermetellus.fr\/index.php\/wp-json\/wp\/v2\/pages"}],"about":[{"href":"https:\/\/oliviermetellus.fr\/index.php\/wp-json\/wp\/v2\/types\/page"}],"author":[{"embeddable":true,"href":"https:\/\/oliviermetellus.fr\/index.php\/wp-json\/wp\/v2\/users\/1"}],"replies":[{"embeddable":true,"href":"https:\/\/oliviermetellus.fr\/index.php\/wp-json\/wp\/v2\/comments?post=253"}],"version-history":[{"count":29,"href":"https:\/\/oliviermetellus.fr\/index.php\/wp-json\/wp\/v2\/pages\/253\/revisions"}],"predecessor-version":[{"id":1415,"href":"https:\/\/oliviermetellus.fr\/index.php\/wp-json\/wp\/v2\/pages\/253\/revisions\/1415"}],"wp:attachment":[{"href":"https:\/\/oliviermetellus.fr\/index.php\/wp-json\/wp\/v2\/media?parent=253"}],"curies":[{"name":"wp","href":"https:\/\/api.w.org\/{rel}","templated":true}]}}