{"id":389,"date":"2026-03-06T15:28:40","date_gmt":"2026-03-06T15:28:40","guid":{"rendered":"https:\/\/oliviermetellus.fr\/?page_id=389"},"modified":"2026-03-13T13:15:42","modified_gmt":"2026-03-13T13:15:42","slug":"prises-de-parole","status":"publish","type":"page","link":"https:\/\/oliviermetellus.fr\/index.php\/prises-de-parole\/","title":{"rendered":"Prises de parole"},"content":{"rendered":"\n<div class=\"wp-block-group alignwide is-layout-flow wp-block-group-is-layout-flow\">\n<p>Cette page rassemble des prises de parole et interventions m\u00e9diatiques, principalement dans le cadre de l\u2019AAJM : discours d\u2019ouverture, hommages, entretiens. L\u2019objectif est constant : installer un cadre, donner du sens, relier des publics \u2014 et faire vivre, par la parole, la francophonie, une \u0153uvre et une m\u00e9moire.<\/p>\n<\/div>\n\n\n\n<figure class=\"wp-block-image alignwide size-large\"><img loading=\"lazy\" decoding=\"async\" width=\"1024\" height=\"324\" src=\"https:\/\/oliviermetellus.fr\/wp-content\/uploads\/2026\/03\/Actions_Transmission_O_Metellus-1024x324.png\" alt=\"\" class=\"wp-image-1075\" srcset=\"https:\/\/oliviermetellus.fr\/wp-content\/uploads\/2026\/03\/Actions_Transmission_O_Metellus-1024x324.png 1024w, https:\/\/oliviermetellus.fr\/wp-content\/uploads\/2026\/03\/Actions_Transmission_O_Metellus-300x95.png 300w, https:\/\/oliviermetellus.fr\/wp-content\/uploads\/2026\/03\/Actions_Transmission_O_Metellus-768x243.png 768w, https:\/\/oliviermetellus.fr\/wp-content\/uploads\/2026\/03\/Actions_Transmission_O_Metellus.png 1228w\" sizes=\"auto, (max-width: 1024px) 100vw, 1024px\" \/><\/figure>\n\n\n\n<h2 class=\"wp-block-heading alignwide\">Acc\u00e8s direct<\/h2>\n\n\n\n<div class=\"wp-block-group alignwide is-layout-flow wp-block-group-is-layout-flow\">\n<p><a href=\"#discours\" data-type=\"internal\" data-id=\"#discours\">Discours<\/a> * <a href=\"#medias\" data-type=\"internal\" data-id=\"#medias\">M\u00e9dias (hommages &amp; entretiens)<\/a> <\/p>\n<\/div>\n\n\n\n<div style=\"height:30px\" aria-hidden=\"true\" class=\"wp-block-spacer\"><\/div>\n\n\n\n<h2 class=\"wp-block-heading alignwide\" id=\"discours\">Discours <\/h2>\n\n\n\n<div style=\"height:20px\" aria-hidden=\"true\" class=\"wp-block-spacer\"><\/div>\n\n\n\n<figure class=\"wp-block-image alignwide size-large\"><img loading=\"lazy\" decoding=\"async\" width=\"1024\" height=\"134\" src=\"https:\/\/oliviermetellus.fr\/wp-content\/uploads\/2026\/02\/bandeauDiscours-1024x134.png\" alt=\"\" class=\"wp-image-403\" srcset=\"https:\/\/oliviermetellus.fr\/wp-content\/uploads\/2026\/02\/bandeauDiscours-1024x134.png 1024w, https:\/\/oliviermetellus.fr\/wp-content\/uploads\/2026\/02\/bandeauDiscours-300x39.png 300w, https:\/\/oliviermetellus.fr\/wp-content\/uploads\/2026\/02\/bandeauDiscours-768x101.png 768w, https:\/\/oliviermetellus.fr\/wp-content\/uploads\/2026\/02\/bandeauDiscours.png 1500w\" sizes=\"auto, (max-width: 1024px) 100vw, 1024px\" \/><\/figure>\n\n\n\n<div class=\"wp-block-group alignwide is-layout-flow wp-block-group-is-layout-flow\">\n<p><em>Cette section rassemble des discours prononc\u00e9s dans le cadre de l\u2019AAJM : ouvertures de rencontres, prises de parole institutionnelles et interventions destin\u00e9es \u00e0 poser un cadre, donner du sens et inscrire la parole dans un temps collectif.<\/em><\/p>\n\n\n\n<ul class=\"wp-block-list\">\n<li><strong>2025 \u2014 [Discours] Discours d\u2019introduction <\/strong>\u2014 <em>Intelligence Artificielle et Litt\u00e9rature : horizons du regard francophone \u00e0 travers l\u2019h\u00e9ritage de Jean M\u00e9tellus<\/em><br>Liens : <a href=\"https:\/\/oliviermetellus.fr\/wp-content\/uploads\/2026\/03\/Intro_Olivier_Metellus_IA_Litterature_MAL2025-1.pdf\" data-type=\"attachment\" data-id=\"1337\" target=\"_blank\" rel=\"noreferrer noopener\">PDF<\/a> &#8211; Web (<a href=\"https:\/\/www.youtube.com\/playlist?list=PLyrsV5RAZi2J-cSJmHF3VRFO4J-ZfH6rG\" data-type=\"link\" data-id=\"https:\/\/www.youtube.com\/playlist?list=PLyrsV5RAZi2J-cSJmHF3VRFO4J-ZfH6rG\" target=\"_blank\" rel=\"noreferrer noopener\">voir des extraits de la rencontre sur la chaine You Tube de l&rsquo;AAJM<\/a>)<\/li>\n\n\n\n<li>2023 \u2014 <strong>[Discours]<\/strong> Remise du Prix Jean M\u00e9tellus 2023 #1 &#8211; Soci\u00e9t\u00e9 des Gens de Lettre (9 juin 2023)<br>Liens : <a href=\"https:\/\/oliviermetellus.fr\/wp-content\/uploads\/2026\/03\/Discours_Remise_Prix_JM_1.pdf\" data-type=\"link\" data-id=\"https:\/\/oliviermetellus.fr\/wp-content\/uploads\/2026\/03\/Discours_Remise_Prix_JM_1.pdf\" target=\"_blank\" rel=\"noreferrer noopener\">PDF<\/a><\/li>\n\n\n\n<li><strong>2015 \u2014 [Discours] Discours d\u2019introduction <\/strong>\u2014 Premi\u00e8re rencontre AAJM, Maison de l\u2019Am\u00e9rique latine (janvier 2015)<br>Lien : <a href=\"https:\/\/oliviermetellus.fr\/wp-content\/uploads\/2026\/03\/Introduction_MAL_201501.pdf\" data-type=\"link\" data-id=\"https:\/\/oliviermetellus.fr\/wp-content\/uploads\/2026\/03\/Introduction_MAL_201501.pdf\" target=\"_blank\" rel=\"noreferrer noopener\">PDF<\/a><\/li>\n<\/ul>\n<\/div>\n\n\n\n<div style=\"height:20px\" aria-hidden=\"true\" class=\"wp-block-spacer\"><\/div>\n\n\n\n<h2 class=\"wp-block-heading alignwide\" id=\"medias\">M\u00e9dias &#8211; hommages, impressions &amp; entretiens<\/h2>\n\n\n\n<div style=\"height:20px\" aria-hidden=\"true\" class=\"wp-block-spacer\"><\/div>\n\n\n\n<figure class=\"wp-block-image alignwide size-large\"><img loading=\"lazy\" decoding=\"async\" width=\"1024\" height=\"137\" src=\"https:\/\/oliviermetellus.fr\/wp-content\/uploads\/2026\/02\/bandeaumadias-1024x137.png\" alt=\"\" class=\"wp-image-404\" srcset=\"https:\/\/oliviermetellus.fr\/wp-content\/uploads\/2026\/02\/bandeaumadias-1024x137.png 1024w, https:\/\/oliviermetellus.fr\/wp-content\/uploads\/2026\/02\/bandeaumadias-300x40.png 300w, https:\/\/oliviermetellus.fr\/wp-content\/uploads\/2026\/02\/bandeaumadias-768x102.png 768w, https:\/\/oliviermetellus.fr\/wp-content\/uploads\/2026\/02\/bandeaumadias.png 1500w\" sizes=\"auto, (max-width: 1024px) 100vw, 1024px\" \/><\/figure>\n\n\n\n<div class=\"wp-block-group alignwide is-layout-flow wp-block-group-is-layout-flow\">\n<p><em>Entretiens, \u00e9missions et interventions m\u00e9diatiques autour des actions de l\u2019AAJM.<br>Ces formats permettent d\u2019\u00e9largir l\u2019audience, de transmettre une m\u00e9moire et d\u2019inscrire la parole dans l\u2019espace public.<\/em><\/p>\n\n\n\n<ul class=\"wp-block-list\">\n<li><strong>2026 \u2014 [Vid\u00e9o]<\/strong> H Live TV \u2014 Hommage \u00e0 Jean M\u00e9tellus (\u00e9mission du 4 janvier 2026)<br>Liens : <strong>V<\/strong><a href=\"https:\/\/www.youtube.com\/watch?v=BDM-UGl_lME&amp;t=3547s\" data-type=\"link\" data-id=\"https:\/\/www.youtube.com\/watch?v=BDM-UGl_lME&amp;t=3547s\" target=\"_blank\" rel=\"noreferrer noopener\"><strong>oir<\/strong> la vid\u00e9o(YouTube)<\/a> &#8211; PDF (<a href=\"https:\/\/oliviermetellus.fr\/wp-content\/uploads\/2026\/03\/Interview_Maguet-Delva_Olivier_Metellus_JeanMetellus.pdf\" data-type=\"link\" data-id=\"https:\/\/oliviermetellus.fr\/wp-content\/uploads\/2026\/03\/Interview_Maguet-Delva_Olivier_Metellus_JeanMetellus.pdf\" target=\"_blank\" rel=\"noreferrer noopener\">Lire l&rsquo;entretien pr\u00e9c\u00e9dent : 10 questions&#8230;<\/a>)<\/li>\n\n\n\n<li>2025 &#8211; [AAJM] &#8211; Oraison fun\u00e8bre pour Anthony Phelps<br>Liens : <a href=\"https:\/\/oliviermetellus.fr\/wp-content\/uploads\/2026\/03\/Oraison-funebre-pour-Anthony-Phelps-092025.pdf\" data-type=\"link\" data-id=\"https:\/\/oliviermetellus.fr\/wp-content\/uploads\/2026\/03\/Oraison-funebre-pour-Anthony-Phelps-092025.pdf\" target=\"_blank\" rel=\"noreferrer noopener\">PDF<\/a><\/li>\n\n\n\n<li>2025 &#8211; [Presse] &#8211; Le National &#8211; Hommage \u00e0 Le National pour ses dix ann\u00e9es d\u2019engagement culturel et m\u00e9moriel<br>Liens : <a href=\"https:\/\/oliviermetellus.fr\/wp-content\/uploads\/2026\/03\/Le-National-10-ans.pdf\" data-type=\"link\" data-id=\"https:\/\/oliviermetellus.fr\/wp-content\/uploads\/2026\/03\/Le-National-10-ans.pdf\" target=\"_blank\" rel=\"noreferrer noopener\">PDF<\/a><\/li>\n\n\n\n<li>2024 \u2014 [Presse] Le National \u2014 Interview (hommage \u00e0 Jean M\u00e9tellus)<br>Liens : <a href=\"https:\/\/www.lenational.org\/post_article.php?cul=1640\" data-type=\"link\" data-id=\"https:\/\/www.lenational.org\/post_article.php?cul=1640\" target=\"_blank\" rel=\"noreferrer noopener\">Lire (web)<\/a> &#8211; <a href=\"https:\/\/oliviermetellus.fr\/wp-content\/uploads\/2026\/03\/InterviewOMHommage-a-Jean-Metellus-lheureux-auteur-de-Au-pipirit-chantant-.pdf\" data-type=\"link\" data-id=\"https:\/\/oliviermetellus.fr\/wp-content\/uploads\/2026\/03\/InterviewOMHommage-a-Jean-Metellus-lheureux-auteur-de-Au-pipirit-chantant-.pdf\" target=\"_blank\" rel=\"noreferrer noopener\">PDF<\/a><\/li>\n\n\n\n<li>2024 &#8211; [AAJM] La repr\u00e9sentation d&rsquo;Anacaona au mus\u00e9e du Quai Branly (6 juin 2026)<br>Liens : <a href=\"https:\/\/oliviermetellus.fr\/wp-content\/uploads\/2026\/03\/Anacaona_QuaiBranly-06062024.pdf\" data-type=\"link\" data-id=\"https:\/\/oliviermetellus.fr\/wp-content\/uploads\/2026\/03\/Anacaona_QuaiBranly-06062024.pdf\" target=\"_blank\" rel=\"noreferrer noopener\">PDF<\/a><\/li>\n\n\n\n<li>2023 &#8211; [Radio] KonLanbi &#8211; Prix Jean M\u00e9tellus #1 (\u00e9mission du 26 mars 2023)<br>Liens : <a href=\"https:\/\/oliviermetellus.fr\/index.php\/2023\/03\/26\/radio-kon-lanbi-prix-jean-metellus-edition-1-annonce-du-laureat-26-mars-2023\/\" data-type=\"post\" data-id=\"656\">En savoir plus<\/a> <\/li>\n<\/ul>\n<\/div>\n\n\n\n<div style=\"height:30px\" aria-hidden=\"true\" class=\"wp-block-spacer\"><\/div>\n\n\n\n<h2 class=\"wp-block-heading alignwide\">Pour aller plus loin<\/h2>\n\n\n\n<div class=\"wp-block-group alignwide is-layout-flow wp-block-group-is-layout-flow\">\n<p><\/p>\n\n\n\n<ul class=\"wp-block-list\">\n<li><a href=\"https:\/\/oliviermetellus.fr\/index.php\/contributions\/\" data-type=\"page\" data-id=\"253\">Retour \u00e0 la page contributions<\/a><\/li>\n\n\n\n<li><a href=\"https:\/\/oliviermetellus.fr\/index.php\/culture-transmission\/\" data-type=\"page\" data-id=\"68\">Culture &amp; transmission<\/a><\/li>\n<\/ul>\n<\/div>\n\n\n\n<p><\/p>\n","protected":false},"excerpt":{"rendered":"<p>Cette page rassemble des prises de parole et interventions m\u00e9diatiques, principalement dans le cadre de l\u2019AAJM : discours d\u2019ouverture, hommages, entretiens. L\u2019objectif est constant : installer un cadre, donner du sens, relier des publics \u2014 et faire vivre, par la parole, la francophonie, une \u0153uvre et une m\u00e9moire. Acc\u00e8s direct Discours * M\u00e9dias (hommages &amp; [&hellip;]<\/p>\n","protected":false},"author":1,"featured_media":0,"parent":0,"menu_order":0,"comment_status":"closed","ping_status":"closed","template":"page-interne-bandeau-bleu","meta":{"footnotes":""},"class_list":["post-389","page","type-page","status-publish","hentry"],"_links":{"self":[{"href":"https:\/\/oliviermetellus.fr\/index.php\/wp-json\/wp\/v2\/pages\/389","targetHints":{"allow":["GET"]}}],"collection":[{"href":"https:\/\/oliviermetellus.fr\/index.php\/wp-json\/wp\/v2\/pages"}],"about":[{"href":"https:\/\/oliviermetellus.fr\/index.php\/wp-json\/wp\/v2\/types\/page"}],"author":[{"embeddable":true,"href":"https:\/\/oliviermetellus.fr\/index.php\/wp-json\/wp\/v2\/users\/1"}],"replies":[{"embeddable":true,"href":"https:\/\/oliviermetellus.fr\/index.php\/wp-json\/wp\/v2\/comments?post=389"}],"version-history":[{"count":42,"href":"https:\/\/oliviermetellus.fr\/index.php\/wp-json\/wp\/v2\/pages\/389\/revisions"}],"predecessor-version":[{"id":1342,"href":"https:\/\/oliviermetellus.fr\/index.php\/wp-json\/wp\/v2\/pages\/389\/revisions\/1342"}],"wp:attachment":[{"href":"https:\/\/oliviermetellus.fr\/index.php\/wp-json\/wp\/v2\/media?parent=389"}],"curies":[{"name":"wp","href":"https:\/\/api.w.org\/{rel}","templated":true}]}}