{"id":427,"date":"2026-03-06T15:24:08","date_gmt":"2026-03-06T15:24:08","guid":{"rendered":"https:\/\/oliviermetellus.fr\/?page_id=427"},"modified":"2026-04-19T11:28:43","modified_gmt":"2026-04-19T11:28:43","slug":"diplomatie-culturelle","status":"publish","type":"page","link":"https:\/\/oliviermetellus.fr\/index.php\/diplomatie-culturelle\/","title":{"rendered":"Diplomatie culturelle"},"content":{"rendered":"\n<div class=\"wp-block-group alignwide is-layout-flow wp-block-group-is-layout-flow\">\n<p>Je coordonne ponctuellement le passage en France d\u2019acteurs francophones (auteurs, intervenants, laur\u00e9ats, coordinateurs associatifs) : programmation d\u2019interventions, mise en relation, appui logistique et accompagnement de la visibilit\u00e9.<br>Cette action s\u2019inscrit dans une diplomatie culturelle de terrain : faciliter les rencontres, relier des institutions, et permettre \u00e0 des voix de circuler dans l\u2019espace francophone.<br>Elle prolonge naturellement mes engagements de transmission, entre Ha\u00efti, la France et, plus largement, l&rsquo;arc francophone.<\/p>\n\n\n\n<p>Ces actions rel\u00e8vent d\u2019une diplomatie culturelle de terrain, fond\u00e9e sur la coordination, la fiabilit\u00e9 et la qualit\u00e9 des mises en relation.<\/p>\n<\/div>\n\n\n\n<div style=\"height:30px\" aria-hidden=\"true\" class=\"wp-block-spacer\"><\/div>\n\n\n\n<h2 class=\"wp-block-heading alignwide\">Sommaire<\/h2>\n\n\n\n<div class=\"wp-block-group alignwide is-layout-flow wp-block-group-is-layout-flow\">\n<ul class=\"wp-block-list\">\n<li><a href=\"#eloquentia\" data-type=\"internal\" data-id=\"#eloquentia\">Eloquentia \u2014 accueil, visibilit\u00e9 &amp; accompagnement (2026)<\/a><\/li>\n\n\n\n<li><a href=\"#ginette\" data-type=\"internal\" data-id=\"#ginette\">Ginette Ch\u00e9rubin \u2014 coordination d\u2019un passage \u00e0 Paris \/ Europe, visibilit\u00e9 &amp; accompagnement (2025)<\/a><\/li>\n\n\n\n<li><a href=\"#prixjeanmetellus-1\" data-type=\"internal\" data-id=\"#prixjeanmetellus-1\">Laur\u00e9at du Prix Jean M\u00e9tellus #1 \u2014 accueil, visibilit\u00e9 &amp; accompagnement (2023)<\/a><\/li>\n<\/ul>\n\n\n\n<div style=\"height:30px\" aria-hidden=\"true\" class=\"wp-block-spacer\"><\/div>\n\n\n\n<div class=\"wp-block-group has-border-color has-custom-bleu-accent-cta-border-color has-custom-gris-clair-background-color has-background has-global-padding is-layout-constrained wp-container-core-group-is-layout-80fb368b wp-block-group-is-layout-constrained\" style=\"border-top-left-radius:20px;border-top-right-radius:20px;border-bottom-left-radius:20px;border-bottom-right-radius:20px;padding-top:var(--wp--preset--spacing--30);padding-right:var(--wp--preset--spacing--30);padding-bottom:var(--wp--preset--spacing--30);padding-left:var(--wp--preset--spacing--30)\">\n<h2 class=\"wp-block-heading alignwide\" id=\"eloquentia\">Eloquentia \u2014 accueil, accompagnement &amp; visibilit\u00e9 (2026)<\/h2>\n\n\n\n<div class=\"wp-block-group has-custom-gris-clair-background-color has-background has-global-padding is-layout-constrained wp-block-group-is-layout-constrained\" style=\"border-top-left-radius:20px;border-top-right-radius:20px;border-bottom-left-radius:20px;border-bottom-right-radius:20px\">\n<figure class=\"wp-block-image aligncenter size-medium\"><img loading=\"lazy\" decoding=\"async\" width=\"240\" height=\"300\" src=\"https:\/\/oliviermetellus.fr\/wp-content\/uploads\/2026\/02\/Elonquentia_Jacmel-240x300.jpg\" alt=\"\" class=\"wp-image-444\" srcset=\"https:\/\/oliviermetellus.fr\/wp-content\/uploads\/2026\/02\/Elonquentia_Jacmel-240x300.jpg 240w, https:\/\/oliviermetellus.fr\/wp-content\/uploads\/2026\/02\/Elonquentia_Jacmel-819x1024.jpg 819w, https:\/\/oliviermetellus.fr\/wp-content\/uploads\/2026\/02\/Elonquentia_Jacmel-768x960.jpg 768w, https:\/\/oliviermetellus.fr\/wp-content\/uploads\/2026\/02\/Elonquentia_Jacmel-1229x1536.jpg 1229w, https:\/\/oliviermetellus.fr\/wp-content\/uploads\/2026\/02\/Elonquentia_Jacmel.jpg 1280w\" sizes=\"auto, (max-width: 240px) 100vw, 240px\" \/><\/figure>\n<\/div>\n\n\n\n<h3 class=\"wp-block-heading alignwide\"><strong>Contexte<\/strong><\/h3>\n\n\n\n<div class=\"wp-block-group alignwide is-layout-flow wp-block-group-is-layout-flow\">\n<p>Accompagnement des \u00e9changes entre Ha\u00efti et la France, coordination \u00e0 Paris d\u2019un circuit m\u00e9diatique et associatif, \u00e0 l\u2019occasion de la finale internationale d\u2019Eloquentia (le 26 mars \u00e0 la seine musicale &#8211; Paris).<\/p>\n<\/div>\n\n\n\n<h3 class=\"wp-block-heading alignwide\"><strong>Ce que je coordonne<\/strong><\/h3>\n\n\n\n<div class=\"wp-block-group alignwide has-global-padding is-layout-constrained wp-block-group-is-layout-constrained\">\n<ul class=\"wp-block-list\">\n<li>Accueil et appui logistique (h\u00e9bergement, d\u00e9placements, coordination sur place)<\/li>\n\n\n\n<li>Mise en relation et fluidification des \u00e9changes institutionnels<\/li>\n\n\n\n<li>Appui \u00e0 la communication \/ visibilit\u00e9 <\/li>\n\n\n\n<li>Cadre et accompagnement des intervenants sur la dur\u00e9e du s\u00e9jour<\/li>\n<\/ul>\n<\/div>\n\n\n\n<h3 class=\"wp-block-heading alignwide\"><strong>Finalit\u00e9<\/strong><\/h3>\n\n\n\n<div class=\"wp-block-group alignwide is-layout-flow wp-block-group-is-layout-flow\">\n<p>Permettre aux talents et aux \u00e9quipes de se concentrer sur l\u2019essentiel : la parole, le concours et les rencontres structurantes.<\/p>\n\n\n\n<p><a href=\"https:\/\/www.youtube.com\/playlist?list=PLyrsV5RAZi2Ih2BtjnyGBZg6vuXMbsMiK\" data-type=\"link\" data-id=\"https:\/\/www.youtube.com\/playlist?list=PLyrsV5RAZi2Ih2BtjnyGBZg6vuXMbsMiK\" target=\"_blank\" rel=\"noreferrer noopener\">Voir la synth\u00e8se m\u00e9moire sur You tube<\/a><\/p>\n<\/div>\n<\/div>\n\n\n\n<div style=\"height:20px\" aria-hidden=\"true\" class=\"wp-block-spacer\"><\/div>\n\n\n\n<hr class=\"wp-block-separator has-alpha-channel-opacity is-style-default\"\/>\n\n\n\n<div style=\"height:20px\" aria-hidden=\"true\" class=\"wp-block-spacer\"><\/div>\n\n\n\n<div class=\"wp-block-group has-border-color has-custom-bleu-accent-cta-border-color has-custom-gris-clair-background-color has-background has-global-padding is-layout-constrained wp-container-core-group-is-layout-80fb368b wp-block-group-is-layout-constrained\" style=\"border-top-left-radius:20px;border-top-right-radius:20px;border-bottom-left-radius:20px;border-bottom-right-radius:20px;padding-top:var(--wp--preset--spacing--30);padding-right:var(--wp--preset--spacing--30);padding-bottom:var(--wp--preset--spacing--30);padding-left:var(--wp--preset--spacing--30)\">\n<h2 class=\"wp-block-heading alignwide\" id=\"ginette\">Ginette Ch\u00e9rubin \u2014 coordination d\u2019un passage \u00e0 Paris \/ Europe (2025)<\/h2>\n\n\n\n<figure class=\"wp-block-image aligncenter size-medium\"><img loading=\"lazy\" decoding=\"async\" width=\"225\" height=\"300\" src=\"https:\/\/oliviermetellus.fr\/wp-content\/uploads\/2026\/02\/Flyer_Ginette_Cherubin-225x300.jpg\" alt=\"\" class=\"wp-image-443\" srcset=\"https:\/\/oliviermetellus.fr\/wp-content\/uploads\/2026\/02\/Flyer_Ginette_Cherubin-225x300.jpg 225w, https:\/\/oliviermetellus.fr\/wp-content\/uploads\/2026\/02\/Flyer_Ginette_Cherubin-768x1024.jpg 768w, https:\/\/oliviermetellus.fr\/wp-content\/uploads\/2026\/02\/Flyer_Ginette_Cherubin.jpg 810w\" sizes=\"auto, (max-width: 225px) 100vw, 225px\" \/><\/figure>\n\n\n\n<h3 class=\"wp-block-heading alignwide\"><strong>Contexte<\/strong><\/h3>\n\n\n\n<div class=\"wp-block-group alignwide is-layout-flow wp-block-group-is-layout-flow\">\n<p>\u00c0 la demande de Ginette Ch\u00e9rubin, coordination d\u2019un passage \u00e0 Paris et en Europe autour de son livre <em>Ha\u00efti, le ventre pourri de la b\u00eate<\/em>.<\/p>\n<\/div>\n\n\n\n<h3 class=\"wp-block-heading alignwide\"><strong>Actions<\/strong> (exemples)<\/h3>\n\n\n\n<div class=\"wp-block-group alignwide is-layout-flow wp-block-group-is-layout-flow\">\n<ul class=\"wp-block-list\">\n<li>Organisation et coordination de prises de parole (radios, conf\u00e9rences)<\/li>\n\n\n\n<li>Programmation et articulation avec des lieux partenaires (Maison de l\u2019Am\u00e9rique latine, Sorbonne, Salon du livre\u2026)<\/li>\n\n\n\n<li>Appui logistique (d\u00e9placements, s\u00e9quen\u00e7age, contacts &amp; r\u00e9seau)<\/li>\n\n\n\n<li>Mise en relation et pr\u00e9paration des interventions<\/li>\n<\/ul>\n<\/div>\n\n\n\n<h3 class=\"wp-block-heading alignwide\"><strong>Finalit\u00e9<\/strong><\/h3>\n\n\n\n<div class=\"wp-block-group alignwide is-layout-flow wp-block-group-is-layout-flow\">\n<p>Donner un cadre, assurer la qualit\u00e9 des rencontres et faciliter l\u2019acc\u00e8s \u00e0 des publics vari\u00e9s.<\/p>\n<\/div>\n<\/div>\n\n\n\n<div style=\"height:20px\" aria-hidden=\"true\" class=\"wp-block-spacer\"><\/div>\n\n\n\n<hr class=\"wp-block-separator has-alpha-channel-opacity is-style-default\"\/>\n\n\n\n<div style=\"height:20px\" aria-hidden=\"true\" class=\"wp-block-spacer\"><\/div>\n\n\n\n<div class=\"wp-block-group has-border-color has-custom-bleu-accent-cta-border-color has-custom-gris-clair-background-color has-background has-global-padding is-layout-constrained wp-container-core-group-is-layout-80fb368b wp-block-group-is-layout-constrained\" style=\"border-top-left-radius:20px;border-top-right-radius:20px;border-bottom-left-radius:20px;border-bottom-right-radius:20px;padding-top:var(--wp--preset--spacing--30);padding-right:var(--wp--preset--spacing--30);padding-bottom:var(--wp--preset--spacing--30);padding-left:var(--wp--preset--spacing--30)\">\n<h2 class=\"wp-block-heading alignwide\" id=\"prixjeanmetellus-1\">Laur\u00e9at du Prix Jean M\u00e9tellus #1, Witensky Lauvince \u2014 accompagnement &amp; visibilit\u00e9 (2023)<\/h2>\n\n\n\n<figure class=\"wp-block-image aligncenter size-medium\"><img loading=\"lazy\" decoding=\"async\" width=\"210\" height=\"300\" src=\"https:\/\/oliviermetellus.fr\/wp-content\/uploads\/2026\/02\/lauvince1sit-210x300.jpg\" alt=\"\" class=\"wp-image-116\" srcset=\"https:\/\/oliviermetellus.fr\/wp-content\/uploads\/2026\/02\/lauvince1sit-210x300.jpg 210w, https:\/\/oliviermetellus.fr\/wp-content\/uploads\/2026\/02\/lauvince1sit.jpg 405w\" sizes=\"auto, (max-width: 210px) 100vw, 210px\" \/><\/figure>\n\n\n\n<h3 class=\"wp-block-heading alignwide\"><strong>Contexte<\/strong><\/h3>\n\n\n\n<div class=\"wp-block-group alignwide is-layout-flow wp-block-group-is-layout-flow\">\n<p>Dans le cadre du Prix Jean M\u00e9tellus, appui \u00e0 la venue et \u00e0 la promotion du laur\u00e9at Witensky Lauvince lors de son passage en France pour son recueil <em>A partir du chaos<\/em>.<\/p>\n<\/div>\n\n\n\n<h3 class=\"wp-block-heading alignwide\"><strong>Actions<\/strong> (exemples)<\/h3>\n\n\n\n<div class=\"wp-block-group alignwide is-layout-flow wp-block-group-is-layout-flow\">\n<ul class=\"wp-block-list\">\n<li>Organisation des c\u00e9r\u00e9monies de remise du prix<\/li>\n\n\n\n<li>Aide \u00e0 la programmation (rencontres, interventions, partenaires)<\/li>\n\n\n\n<li>Coordination logistique et accompagnement sur place<\/li>\n\n\n\n<li>Appui \u00e0 la visibilit\u00e9 et mise en relation avec des relais n\u00e9cessaires<\/li>\n<\/ul>\n<\/div>\n\n\n\n<h3 class=\"wp-block-heading alignwide\"><strong>Finalit\u00e9<\/strong><\/h3>\n\n\n\n<div class=\"wp-block-group alignwide is-layout-flow wp-block-group-is-layout-flow\">\n<p>Cr\u00e9er des conditions favorables pour que l\u2019\u0153uvre rencontre son public.<\/p>\n<\/div>\n<\/div>\n<\/div>\n\n\n\n<div style=\"height:20px\" aria-hidden=\"true\" class=\"wp-block-spacer\"><\/div>\n\n\n\n<hr class=\"wp-block-separator has-alpha-channel-opacity is-style-default\"\/>\n\n\n\n<div style=\"height:20px\" aria-hidden=\"true\" class=\"wp-block-spacer\"><\/div>\n\n\n\n<h2 class=\"wp-block-heading alignwide\">M\u00e9thode<\/h2>\n\n\n\n<div class=\"wp-block-group alignwide is-layout-flow wp-block-group-is-layout-flow\">\n<p>Ce type d\u2019accompagnement repose sur trois principes :<\/p>\n\n\n\n<p><strong>cadre<\/strong> (s\u00e9quen\u00e7age clair), <strong>relation<\/strong> (mise en lien), <strong>discr\u00e9tion<\/strong> (efficacit\u00e9 sans sur-exposition).<\/p>\n\n\n\n<p><strong>La diplomatie culturelle commence souvent par des gestes concrets<\/strong> : accueillir, coordonner, relier.<br>C\u2019est dans cette continuit\u00e9 que s\u2019inscrit mon engagement, au service d\u2019une francophonie vivante et responsable.<\/p>\n<\/div>\n\n\n\n<div style=\"height:20px\" aria-hidden=\"true\" class=\"wp-block-spacer\"><\/div>\n\n\n\n<hr class=\"wp-block-separator has-alpha-channel-opacity is-style-default\"\/>\n\n\n\n<div style=\"height:20px\" aria-hidden=\"true\" class=\"wp-block-spacer\"><\/div>\n\n\n\n<h2 class=\"wp-block-heading alignwide\">Pour aller plus loin<\/h2>\n\n\n\n<div class=\"wp-block-group alignwide is-layout-flow wp-block-group-is-layout-flow\">\n<ul class=\"wp-block-list\">\n<li>Retour \u00e0 <strong><a href=\"https:\/\/oliviermetellus.fr\/index.php\/culture-transmission\/\" data-type=\"page\" data-id=\"68\">Culture &amp; transmission<\/a><\/strong><\/li>\n\n\n\n<li>D\u00e9couvrir sur les pages de l&rsquo;<strong>AAJM <a href=\"https:\/\/jeanmetellus.com\/le-prix-jean-metellus\/\" data-type=\"link\" data-id=\"https:\/\/jeanmetellus.com\/le-prix-jean-metellus\/\" target=\"_blank\" rel=\"noreferrer noopener\">le Prix Jean M\u00e9tellus<\/a><\/strong><\/li>\n\n\n\n<li>Voir <strong><a href=\"https:\/\/oliviermetellus.fr\/index.php\/prises-de-parole\/\" data-type=\"page\" data-id=\"389\">Prises de parole &amp; m\u00e9dias<\/a><\/strong><\/li>\n<\/ul>\n<\/div>\n","protected":false},"excerpt":{"rendered":"<p>Je coordonne ponctuellement le passage en France d\u2019acteurs francophones (auteurs, intervenants, laur\u00e9ats, coordinateurs associatifs) : programmation d\u2019interventions, mise en relation, appui logistique et accompagnement de la visibilit\u00e9.Cette action s\u2019inscrit dans une diplomatie culturelle de terrain : faciliter les rencontres, relier des institutions, et permettre \u00e0 des voix de circuler dans l\u2019espace francophone.Elle prolonge naturellement mes [&hellip;]<\/p>\n","protected":false},"author":1,"featured_media":0,"parent":0,"menu_order":0,"comment_status":"closed","ping_status":"closed","template":"page-interne-bandeau-bleu","meta":{"footnotes":""},"class_list":["post-427","page","type-page","status-publish","hentry"],"_links":{"self":[{"href":"https:\/\/oliviermetellus.fr\/index.php\/wp-json\/wp\/v2\/pages\/427","targetHints":{"allow":["GET"]}}],"collection":[{"href":"https:\/\/oliviermetellus.fr\/index.php\/wp-json\/wp\/v2\/pages"}],"about":[{"href":"https:\/\/oliviermetellus.fr\/index.php\/wp-json\/wp\/v2\/types\/page"}],"author":[{"embeddable":true,"href":"https:\/\/oliviermetellus.fr\/index.php\/wp-json\/wp\/v2\/users\/1"}],"replies":[{"embeddable":true,"href":"https:\/\/oliviermetellus.fr\/index.php\/wp-json\/wp\/v2\/comments?post=427"}],"version-history":[{"count":25,"href":"https:\/\/oliviermetellus.fr\/index.php\/wp-json\/wp\/v2\/pages\/427\/revisions"}],"predecessor-version":[{"id":1495,"href":"https:\/\/oliviermetellus.fr\/index.php\/wp-json\/wp\/v2\/pages\/427\/revisions\/1495"}],"wp:attachment":[{"href":"https:\/\/oliviermetellus.fr\/index.php\/wp-json\/wp\/v2\/media?parent=427"}],"curies":[{"name":"wp","href":"https:\/\/api.w.org\/{rel}","templated":true}]}}