{"id":450,"date":"2026-03-06T15:07:25","date_gmt":"2026-03-06T15:07:25","guid":{"rendered":"https:\/\/oliviermetellus.fr\/?page_id=450"},"modified":"2026-03-09T09:31:16","modified_gmt":"2026-03-09T09:31:16","slug":"actualites","status":"publish","type":"page","link":"https:\/\/oliviermetellus.fr\/index.php\/actualites\/","title":{"rendered":"Actualit\u00e9s"},"content":{"rendered":"\n<div class=\"wp-block-group alignwide is-layout-flow wp-block-group-is-layout-flow\">\n<p>Rep\u00e8res, publications et agenda \u2014 au fil des semaines.<\/p>\n<\/div>\n\n\n\n<div class=\"wp-block-columns alignwide is-layout-flex wp-container-core-columns-is-layout-28f84493 wp-block-columns-is-layout-flex\">\n<div class=\"wp-block-column is-layout-flow wp-block-column-is-layout-flow\" style=\"flex-basis:66.67%\">\n<div style=\"height:60px\" aria-hidden=\"true\" class=\"wp-block-spacer\"><\/div>\n\n\n\n<p><em>Une page vivante : rep\u00e8res r\u00e9cents, publications, critiques, prises de parole et jalons de diplomatie culturelle \u2014 au fil des semaines.<\/em><\/p>\n\n\n\n<p><em>Vous y trouverez mes derni\u00e8res notes et annonces, ainsi que des liens vers les pages de fond (publications, interventions, contributions, projets).<\/em><\/p>\n\n\n\n<p>Vous y trouverez aussi <strong>Pr\u00e9sences &amp; dialogues<\/strong> : une s\u00e9lection de moments publics et de rencontres, pour garder trace des \u00e9changes hors des r\u00e9seaux.<\/p>\n<\/div>\n\n\n\n<div class=\"wp-block-column is-layout-flow wp-block-column-is-layout-flow\" style=\"flex-basis:33.33%\">\n<figure class=\"wp-block-image aligncenter size-large has-custom-border\"><img loading=\"lazy\" decoding=\"async\" width=\"1024\" height=\"1015\" src=\"https:\/\/oliviermetellus.fr\/wp-content\/uploads\/2026\/02\/OM_Situation-e1772206448847-1024x1015.jpg\" alt=\"\" class=\"wp-image-500\" style=\"border-top-left-radius:15px;border-top-right-radius:15px;border-bottom-left-radius:15px;border-bottom-right-radius:15px\" srcset=\"https:\/\/oliviermetellus.fr\/wp-content\/uploads\/2026\/02\/OM_Situation-e1772206448847-1024x1015.jpg 1024w, https:\/\/oliviermetellus.fr\/wp-content\/uploads\/2026\/02\/OM_Situation-e1772206448847-300x298.jpg 300w, https:\/\/oliviermetellus.fr\/wp-content\/uploads\/2026\/02\/OM_Situation-e1772206448847-150x150.jpg 150w, https:\/\/oliviermetellus.fr\/wp-content\/uploads\/2026\/02\/OM_Situation-e1772206448847-768x762.jpg 768w, https:\/\/oliviermetellus.fr\/wp-content\/uploads\/2026\/02\/OM_Situation-e1772206448847.jpg 1200w\" sizes=\"auto, (max-width: 1024px) 100vw, 1024px\" \/><\/figure>\n<\/div>\n<\/div>\n\n\n\n<h2 class=\"wp-block-heading alignwide\">\u00c0 la Une<\/h2>\n\n\n\n<div class=\"wp-block-group alignwide has-custom-gris-clair-background-color has-background is-layout-flow wp-block-group-is-layout-flow\" style=\"border-top-left-radius:20px;border-top-right-radius:20px;border-bottom-left-radius:20px;border-bottom-right-radius:20px;padding-top:var(--wp--preset--spacing--30);padding-right:var(--wp--preset--spacing--30);padding-bottom:var(--wp--preset--spacing--30);padding-left:var(--wp--preset--spacing--30)\">\n<h3 class=\"wp-block-heading\"><strong>Pont culturel Jacmel\u2013Bonneuil : mai 2026<\/strong><\/h3>\n\n\n\n<p>Je poursuis le travail de <strong>mise en relation et de coordination<\/strong> entre Jacmel (Ha\u00efti), Bonneuil-sur-Marne et les partenaires institutionnels : la Maire de Jacmel (Loudie C\u00e9sar) est invit\u00e9e \u00e0 Bonneuil-sur-Marne (6\u201312 mai 2026).<\/p>\n\n\n\n<p><strong>Dates et programme en cours de confirmation<\/strong>.<br><\/p>\n\n\n\n<div class=\"wp-block-buttons is-layout-flex wp-block-buttons-is-layout-flex\">\n<div class=\"wp-block-button is-style-outline is-style-outline--1\"><a class=\"wp-block-button__link has-custom-blanc-color has-custom-bleu-accent-cta-background-color has-text-color has-background has-link-color wp-element-button\" href=\"https:\/\/oliviermetellus.fr\/index.php\/2026\/02\/24\/vers-un-pont-culturel-jacmel-bonneuil-une-invitation-pour-mai-2026\/\">Lire l&rsquo;article<\/a><\/div>\n<\/div>\n<\/div>\n\n\n\n<div class=\"wp-block-group alignwide has-border-color has-custom-bleu-accent-cta-border-color has-custom-blanc-background-color has-background is-layout-flow wp-block-group-is-layout-flow\" style=\"border-top-left-radius:0px;border-top-right-radius:0px;border-bottom-left-radius:0px;border-bottom-right-radius:0px;padding-top:var(--wp--preset--spacing--30);padding-right:var(--wp--preset--spacing--30);padding-bottom:var(--wp--preset--spacing--30);padding-left:var(--wp--preset--spacing--30)\">\n<h3 class=\"wp-block-heading\"><strong>La dette impos\u00e9e \u00e0 Ha\u00efti en 1825<\/strong><\/h3>\n\n\n\n<div class=\"wp-block-columns is-layout-flex wp-container-core-columns-is-layout-28f84493 wp-block-columns-is-layout-flex\">\n<div class=\"wp-block-column is-layout-flow wp-block-column-is-layout-flow\" style=\"flex-basis:95%\">\n<p>En tant que Franco-Ha\u00eftien, j\u2019ai propos\u00e9 ma contribution \u00e0 la r\u00e9flexion ouverte par le pr\u00e9sident Macron. Cette page pr\u00e9sente le sens de cette d\u00e9marche, son cadre et le courrier adress\u00e9 au Pr\u00e9sident de la R\u00e9publique.<\/p>\n<\/div>\n\n\n\n<div class=\"wp-block-column is-layout-flow wp-block-column-is-layout-flow\" style=\"flex-basis:50%\">\n<div class=\"wp-block-buttons is-layout-flex wp-block-buttons-is-layout-flex\">\n<div class=\"wp-block-button is-style-outline is-style-outline--2\"><a class=\"wp-block-button__link has-custom-blanc-color has-custom-bleu-accent-cta-background-color has-text-color has-background has-link-color wp-element-button\" href=\"https:\/\/oliviermetellus.fr\/index.php\/la-dette-imposee-a-haiti-en-1825\/\" target=\"_blank\" rel=\"noreferrer noopener\">Voir ma d\u00e9marche<\/a><\/div>\n<\/div>\n<\/div>\n<\/div>\n<\/div>\n\n\n\n<h2 class=\"wp-block-heading alignwide\">Actualit\u00e9s principales<\/h2>\n\n\n\n<div class=\"wp-block-columns alignwide is-layout-flex wp-container-core-columns-is-layout-28f84493 wp-block-columns-is-layout-flex\">\n<div class=\"wp-block-column has-border-color is-layout-flow wp-container-core-column-is-layout-3fcc3449 wp-block-column-is-layout-flow\" style=\"border-color:#182984;border-width:1px;border-top-left-radius:15px;border-top-right-radius:15px;border-bottom-left-radius:15px;border-bottom-right-radius:15px;padding-top:var(--wp--preset--spacing--50);padding-right:var(--wp--preset--spacing--50);padding-bottom:var(--wp--preset--spacing--50);padding-left:var(--wp--preset--spacing--50)\">\n<h3 class=\"wp-block-heading\"><strong>Publications &amp; tribunes<\/strong><\/h3>\n\n\n\n<p>Analyses, textes de fond et prises de parole \u2014 pour \u00e9clairer les enjeux, sans bruit inutile.<\/p>\n\n\n\n<div class=\"wp-block-buttons is-layout-flex wp-block-buttons-is-layout-flex\">\n<div class=\"wp-block-button is-style-outline is-style-outline--3\"><a class=\"wp-block-button__link has-custom-blanc-color has-custom-bleu-accent-cta-background-color has-text-color has-background has-link-color wp-element-button\" href=\"https:\/\/oliviermetellus.fr\/index.php\/publications-tribunes\/\">Voir les publications<\/a><\/div>\n<\/div>\n<\/div>\n\n\n\n<div class=\"wp-block-column has-border-color is-layout-flow wp-container-core-column-is-layout-3fcc3449 wp-block-column-is-layout-flow\" style=\"border-color:#182984;border-width:1px;border-top-left-radius:20px;border-top-right-radius:20px;border-bottom-left-radius:20px;border-bottom-right-radius:20px;padding-top:var(--wp--preset--spacing--50);padding-right:var(--wp--preset--spacing--50);padding-bottom:var(--wp--preset--spacing--50);padding-left:var(--wp--preset--spacing--50)\">\n<h3 class=\"wp-block-heading\"><strong>Interventions &amp; conf\u00e9rences<\/strong><\/h3>\n\n\n\n<p>Conf\u00e9rences, tables rondes, entretiens : l\u2019essentiel, avec dates, th\u00e8mes et supports.<\/p>\n\n\n\n<div class=\"wp-block-buttons is-layout-flex wp-block-buttons-is-layout-flex\">\n<div class=\"wp-block-button is-style-outline is-style-outline--4\"><a class=\"wp-block-button__link has-custom-blanc-color has-custom-bleu-accent-cta-background-color has-text-color has-background has-link-color wp-element-button\" href=\"https:\/\/oliviermetellus.fr\/index.php\/interventions-conferences\/\">Voir les interventions<\/a><\/div>\n<\/div>\n<\/div>\n<\/div>\n\n\n\n<div class=\"wp-block-columns alignwide is-layout-flex wp-container-core-columns-is-layout-28f84493 wp-block-columns-is-layout-flex\">\n<div class=\"wp-block-column is-layout-flow wp-container-core-column-is-layout-3fcc3449 wp-block-column-is-layout-flow\" style=\"border-width:1px;border-top-left-radius:20px;border-top-right-radius:20px;border-bottom-left-radius:20px;border-bottom-right-radius:20px;padding-top:var(--wp--preset--spacing--50);padding-right:var(--wp--preset--spacing--50);padding-bottom:var(--wp--preset--spacing--50);padding-left:var(--wp--preset--spacing--50)\">\n<h3 class=\"wp-block-heading\"><strong>Agenda &amp; annonces<\/strong><\/h3>\n\n\n\n<p>Dates \u00e0 retenir, invitations, d\u00e9placements \u2014 je poursuis un travail de trait d\u2019union et de diplomatie culturelle, au fil des rencontres et des initiatives.<\/p>\n\n\n\n<div class=\"wp-block-buttons is-layout-flex wp-block-buttons-is-layout-flex\">\n<div class=\"wp-block-button is-style-outline is-style-outline--5\"><a class=\"wp-block-button__link has-custom-blanc-color has-custom-bleu-accent-cta-background-color has-text-color has-background has-link-color wp-element-button\" href=\"https:\/\/oliviermetellus.fr\/index.php\/agenda-annonces\/\">Voir l&rsquo;agenda<\/a><\/div>\n<\/div>\n<\/div>\n\n\n\n<div class=\"wp-block-column is-layout-flow wp-container-core-column-is-layout-3fcc3449 wp-block-column-is-layout-flow\" style=\"border-width:1px;border-top-left-radius:20px;border-top-right-radius:20px;border-bottom-left-radius:20px;border-bottom-right-radius:20px;padding-top:var(--wp--preset--spacing--50);padding-right:var(--wp--preset--spacing--50);padding-bottom:var(--wp--preset--spacing--50);padding-left:var(--wp--preset--spacing--50)\">\n<h3 class=\"wp-block-heading\"><strong>Projets &amp; r\u00e9alisations<\/strong><\/h3>\n\n\n\n<p>Missions, jalons, r\u00e9sultats \u2014 pr\u00e9sent\u00e9s avec clart\u00e9, dans le respect de la confidentialit\u00e9.<\/p>\n\n\n\n<div style=\"height:15px\" aria-hidden=\"true\" class=\"wp-block-spacer\"><\/div>\n\n\n\n<div class=\"wp-block-buttons is-layout-flex wp-block-buttons-is-layout-flex\">\n<div class=\"wp-block-button is-style-outline is-style-outline--6\"><a class=\"wp-block-button__link has-custom-blanc-color has-custom-bleu-accent-cta-background-color has-text-color has-background has-link-color wp-element-button\" href=\"https:\/\/oliviermetellus.fr\/index.php\/projets-realisations\/\">Voir les projets<\/a><\/div>\n<\/div>\n<\/div>\n<\/div>\n\n\n\n<div class=\"wp-block-columns alignwide has-border-color has-custom-bleu-accent-cta-border-color is-layout-flex wp-container-core-columns-is-layout-85958d59 wp-block-columns-is-layout-flex\" style=\"border-width:1px;border-top-left-radius:30px;border-top-right-radius:30px;border-bottom-left-radius:30px;border-bottom-right-radius:30px;padding-top:var(--wp--preset--spacing--40);padding-right:var(--wp--preset--spacing--40);padding-bottom:var(--wp--preset--spacing--40);padding-left:var(--wp--preset--spacing--40)\">\n<div class=\"wp-block-column is-layout-flow wp-block-column-is-layout-flow\" style=\"flex-basis:70%\">\n<p>Pr\u00e9sences &amp; dialogues<strong> \u2014<\/strong> Rencontres et rep\u00e8res, au fil des \u00e9changes et des initiatives.<\/p>\n<\/div>\n\n\n\n<div class=\"wp-block-column is-layout-flow wp-block-column-is-layout-flow\">\n<div class=\"wp-block-buttons is-layout-flex wp-block-buttons-is-layout-flex\">\n<div class=\"wp-block-button\"><a class=\"wp-block-button__link has-custom-blanc-color has-custom-bleu-accent-cta-background-color has-text-color has-background has-link-color wp-element-button\" href=\"https:\/\/oliviermetellus.fr\/index.php\/presences-dialogues\/\">Voir les pr\u00e9sences<\/a><\/div>\n<\/div>\n<\/div>\n<\/div>\n\n\n\n<div style=\"height:40px\" aria-hidden=\"true\" class=\"wp-block-spacer\"><\/div>\n\n\n\n<h2 class=\"wp-block-heading alignwide\">Derni\u00e8res mises \u00e0 jour<\/h2>\n\n\n\n<div class=\"wp-block-group alignwide is-layout-flow wp-block-group-is-layout-flow\">\n<p>C<em>liquez sur le titre de l&rsquo;article pour voir le d\u00e9tail<\/em><\/p>\n\n\n\n<p>Cette rubrique rassemble des actualit\u00e9s, tribunes et comptes rendus qui peuvent, selon les moments, \u00e9clairer un m\u00eame sujet sous des angles compl\u00e9mentaires.<\/p>\n<\/div>\n\n\n\n<div style=\"height:40px\" aria-hidden=\"true\" class=\"wp-block-spacer\"><\/div>\n\n\n\n<div class=\"wp-block-query alignwide is-layout-flow wp-block-query-is-layout-flow\"><ul class=\"wp-block-post-template is-layout-flow wp-block-post-template-is-layout-flow\"><li class=\"wp-block-post post-1490 post type-post status-publish format-standard has-post-thumbnail hentry category-actualites category-presences-dialogues category-projets-realisations category-uncategorized\">\n<h2 class=\"wp-block-post-title\"><a href=\"https:\/\/oliviermetellus.fr\/index.php\/2026\/04\/19\/eloquentia-jacmel-a-paris-la-playlist-memoire-est-en-ligne\/\" target=\"_self\" >Eloquentia Jacmel \u00e0 Paris : la playlist m\u00e9moire est en ligne<\/a><\/h2>\n\n<div class=\"wp-block-post-date\"><time datetime=\"2026-04-19T11:23:01+00:00\">avril 19, 2026<\/time><\/div>\n\n<div class=\"wp-block-post-excerpt\"><p class=\"wp-block-post-excerpt__excerpt\">La playlist consacr\u00e9e \u00e0 Eloquentia Jacmel \u00e0 Paris est d\u00e9sormais en ligne sur la cha\u00eene YouTube de l\u2019AAJM : un prolongement visuel et sonore pour garder trace de cette aventure. <\/p><\/div>\n\n\n<hr class=\"wp-block-separator has-text-color has-custom-gris-moyen-color has-alpha-channel-opacity has-custom-gris-moyen-background-color has-background is-style-default\" style=\"margin-top:0;margin-bottom:0\"\/>\n\n<\/li><li class=\"wp-block-post post-1482 post type-post status-publish format-standard has-post-thumbnail hentry category-actualites category-presences-dialogues category-uncategorized\">\n<h2 class=\"wp-block-post-title\"><a href=\"https:\/\/oliviermetellus.fr\/index.php\/2026\/04\/07\/pantheon-hommage-a-toussaint-louverture-7-avril-2026\/\" target=\"_self\" >Panth\u00e9on \u2013 Hommage \u00e0 Toussaint Louverture (7 avril 2026)<\/a><\/h2>\n\n<div class=\"wp-block-post-date\"><time datetime=\"2026-04-07T07:46:38+00:00\">avril 7, 2026<\/time><\/div>\n\n<div class=\"wp-block-post-excerpt\"><p class=\"wp-block-post-excerpt__excerpt\">Au Panth\u00e9on, un moment de recueillement en hommage \u00e0 Toussaint Louverture, figure majeure de l\u2019histoire ha\u00eftienne et de l\u2019exigence de libert\u00e9. <\/p><\/div>\n\n\n<hr class=\"wp-block-separator has-text-color has-custom-gris-moyen-color has-alpha-channel-opacity has-custom-gris-moyen-background-color has-background is-style-default\" style=\"margin-top:0;margin-bottom:0\"\/>\n\n<\/li><li class=\"wp-block-post post-1471 post type-post status-publish format-standard has-post-thumbnail hentry category-actualites category-presences-dialogues\">\n<h2 class=\"wp-block-post-title\"><a href=\"https:\/\/oliviermetellus.fr\/index.php\/2026\/04\/04\/au-quai-branly-une-avant-premiere-habitee-dodji-larchet-vodun\/\" target=\"_self\" >Au quai Branly, une avant-premi\u00e8re habit\u00e9e : Dodji, l\u2019archet Vodun<\/a><\/h2>\n\n<div class=\"wp-block-post-date\"><time datetime=\"2026-04-04T16:24:47+00:00\">avril 4, 2026<\/time><\/div>\n\n<div class=\"wp-block-post-excerpt\"><p class=\"wp-block-post-excerpt__excerpt\">Quelques secondes suffisent parfois \u00e0 dire l\u2019essentiel. \u00c0 l\u2019issue de la projection, la salle a longuement applaudi \u2014 un moment simple, mais r\u00e9v\u00e9lateur de la r\u00e9ception du film. <\/p><\/div>\n\n\n<hr class=\"wp-block-separator has-text-color has-custom-gris-moyen-color has-alpha-channel-opacity has-custom-gris-moyen-background-color has-background is-style-default\" style=\"margin-top:0;margin-bottom:0\"\/>\n\n<\/li><li class=\"wp-block-post post-1453 post type-post status-publish format-standard has-post-thumbnail hentry category-actualites category-agenda-annonces category-presences-dialogues category-projets-realisations tag-diplomatie-culturelle tag-projet-realise\">\n<h2 class=\"wp-block-post-title\"><a href=\"https:\/\/oliviermetellus.fr\/index.php\/2026\/04\/02\/eloquentia-2026-clore-un-chapitre-garder-une-trace\/\" target=\"_self\" >Eloquentia 2026 \u2014 clore un chapitre, garder une trace<\/a><\/h2>\n\n<div class=\"wp-block-post-date\"><time datetime=\"2026-04-02T14:36:16+00:00\">avril 2, 2026<\/time><\/div>\n\n<div class=\"wp-block-post-excerpt\"><p class=\"wp-block-post-excerpt__excerpt\">Retour sur une s\u00e9quence d\u2019accueil, d\u2019accompagnement et de transmission autour de la d\u00e9l\u00e9gation de Jacmel pour la finale internationale d\u2019Eloquentia 2026, d\u00e9sormais inscrite dans les archives du site. <\/p><\/div>\n\n\n<hr class=\"wp-block-separator has-text-color has-custom-gris-moyen-color has-alpha-channel-opacity has-custom-gris-moyen-background-color has-background is-style-default\" style=\"margin-top:0;margin-bottom:0\"\/>\n\n<\/li><li class=\"wp-block-post post-1438 post type-post status-publish format-standard has-post-thumbnail hentry category-actualites category-agenda-annonces category-interventions-conferences category-presences-dialogues tag-diplomatie-culturelle\">\n<h2 class=\"wp-block-post-title\"><a href=\"https:\/\/oliviermetellus.fr\/index.php\/2026\/03\/27\/deloquentia-jacmel-a-paris-quelques-jours-daccueil-de-rencontres-et-de-passerelles\/\" target=\"_self\" >Maison de l\u2019Am\u00e9rique latine : une causerie sur le rayonnement de la culture ha\u00eftienne en France<\/a><\/h2>\n\n<div class=\"wp-block-post-date\"><time datetime=\"2026-03-27T18:17:11+00:00\">mars 27, 2026<\/time><\/div>\n\n<div class=\"wp-block-post-excerpt\"><p class=\"wp-block-post-excerpt__excerpt\">Intervention \u00e0 la Maison de l\u2019Am\u00e9rique latine, le 27 mars 2026, \u00e0 l\u2019invitation du Cercle Dumas Ha\u00efti-France, autour d\u2019un th\u00e8me central : la culture ha\u00eftienne comme vecteur de rayonnement et d\u2019influence en France. <\/p><\/div>\n\n\n<hr class=\"wp-block-separator has-text-color has-custom-gris-moyen-color has-alpha-channel-opacity has-custom-gris-moyen-background-color has-background is-style-default\" style=\"margin-top:0;margin-bottom:0\"\/>\n\n<\/li><li class=\"wp-block-post post-1354 post type-post status-publish format-standard hentry category-actualites category-publication-tribunes tag-aajm tag-litterature tag-litterature-transmission tag-note-de-lecture\">\n<h2 class=\"wp-block-post-title\"><a href=\"https:\/\/oliviermetellus.fr\/index.php\/2026\/03\/10\/note-de-lecture-nicole-cage-cette-femme-la\/\" target=\"_self\" >Note de lecture \u2014 Nicole Cage : Cette femme-l\u00e0<\/a><\/h2>\n\n<div class=\"wp-block-post-date\"><time datetime=\"2026-03-10T14:34:14+00:00\">mars 10, 2026<\/time><\/div>\n\n<div class=\"wp-block-post-excerpt\"><p class=\"wp-block-post-excerpt__excerpt\">J\u2019y ai trouv\u00e9 un texte \u00e9mouvant, travers\u00e9 par des \u00e9clats de vie, de tendresse et de bienvenue l\u00e9g\u00e8ret\u00e9. <\/p><\/div>\n\n\n<hr class=\"wp-block-separator has-text-color has-custom-gris-moyen-color has-alpha-channel-opacity has-custom-gris-moyen-background-color has-background is-style-default\" style=\"margin-top:0;margin-bottom:0\"\/>\n\n<\/li><\/ul>\n\n<\/div>\n","protected":false},"excerpt":{"rendered":"<p>Rep\u00e8res, publications et agenda \u2014 au fil des semaines. Une page vivante : rep\u00e8res r\u00e9cents, publications, critiques, prises de parole et jalons de diplomatie culturelle \u2014 au fil des semaines. Vous y trouverez mes derni\u00e8res notes et annonces, ainsi que des liens vers les pages de fond (publications, interventions, contributions, projets). Vous y trouverez aussi [&hellip;]<\/p>\n","protected":false},"author":1,"featured_media":0,"parent":0,"menu_order":0,"comment_status":"closed","ping_status":"closed","template":"page-interne-bandeau-bleu","meta":{"footnotes":""},"class_list":["post-450","page","type-page","status-publish","hentry"],"_links":{"self":[{"href":"https:\/\/oliviermetellus.fr\/index.php\/wp-json\/wp\/v2\/pages\/450","targetHints":{"allow":["GET"]}}],"collection":[{"href":"https:\/\/oliviermetellus.fr\/index.php\/wp-json\/wp\/v2\/pages"}],"about":[{"href":"https:\/\/oliviermetellus.fr\/index.php\/wp-json\/wp\/v2\/types\/page"}],"author":[{"embeddable":true,"href":"https:\/\/oliviermetellus.fr\/index.php\/wp-json\/wp\/v2\/users\/1"}],"replies":[{"embeddable":true,"href":"https:\/\/oliviermetellus.fr\/index.php\/wp-json\/wp\/v2\/comments?post=450"}],"version-history":[{"count":43,"href":"https:\/\/oliviermetellus.fr\/index.php\/wp-json\/wp\/v2\/pages\/450\/revisions"}],"predecessor-version":[{"id":1313,"href":"https:\/\/oliviermetellus.fr\/index.php\/wp-json\/wp\/v2\/pages\/450\/revisions\/1313"}],"wp:attachment":[{"href":"https:\/\/oliviermetellus.fr\/index.php\/wp-json\/wp\/v2\/media?parent=450"}],"curies":[{"name":"wp","href":"https:\/\/api.w.org\/{rel}","templated":true}]}}