{"id":686,"date":"2026-03-06T15:28:40","date_gmt":"2026-03-06T15:28:40","guid":{"rendered":"https:\/\/oliviermetellus.fr\/?page_id=686"},"modified":"2026-03-13T15:07:21","modified_gmt":"2026-03-13T15:07:21","slug":"projets-realisations","status":"publish","type":"page","link":"https:\/\/oliviermetellus.fr\/index.php\/projets-realisations\/","title":{"rendered":"Projets &#038; r\u00e9alisations"},"content":{"rendered":"\n<div class=\"wp-block-group alignwide is-layout-flow wp-block-group-is-layout-flow\">\n<figure class=\"wp-block-image aligncenter size-full\"><img loading=\"lazy\" decoding=\"async\" width=\"1533\" height=\"410\" src=\"https:\/\/oliviermetellus.fr\/wp-content\/uploads\/2026\/03\/Bandeau_Projets-e1772891527742.png\" alt=\"\" class=\"wp-image-776\" srcset=\"https:\/\/oliviermetellus.fr\/wp-content\/uploads\/2026\/03\/Bandeau_Projets-e1772891527742.png 1533w, https:\/\/oliviermetellus.fr\/wp-content\/uploads\/2026\/03\/Bandeau_Projets-e1772891527742-300x80.png 300w, https:\/\/oliviermetellus.fr\/wp-content\/uploads\/2026\/03\/Bandeau_Projets-e1772891527742-1024x274.png 1024w, https:\/\/oliviermetellus.fr\/wp-content\/uploads\/2026\/03\/Bandeau_Projets-e1772891527742-768x205.png 768w\" sizes=\"auto, (max-width: 1533px) 100vw, 1533px\" \/><\/figure>\n\n\n\n<p>Cette rubrique pr\u00e9sente des projets que je conduis ou coordonne, avec des partenaires et des jalons identifi\u00e9s \u2014 dans le respect des personnes, des institutions et lorsque n\u00e9cessaire, dans la confidentialit\u00e9.<br>Chaque entr\u00e9e pr\u00e9cise mon r\u00f4le, le statut (en cours \/ r\u00e9alis\u00e9 \/ archives) et renvoie, le cas \u00e9ch\u00e9ant, vers les publications ou interventions associ\u00e9es.<\/p>\n\n\n\n<p>Chaque projet est un pont : une intention, des partenaires, un calendrier \u2014 et une m\u00e9thode de coordination.<\/p>\n\n\n\n<h2 class=\"wp-block-heading\">En cours<\/h2>\n\n\n\n<div class=\"wp-block-query is-layout-flow wp-block-query-is-layout-flow\"><ul class=\"wp-block-post-template is-layout-flow wp-block-post-template-is-layout-flow\"><li class=\"wp-block-post post-694 post type-post status-publish format-standard hentry category-actualites category-projets-realisations tag-bonneuil tag-diplomatie-culturelle tag-jacmel tag-projet-en-cours\">\n\n<div class=\"wp-block-group has-border-color has-custom-gris-clair-background-color has-background is-layout-flow wp-block-group-is-layout-flow\" style=\"border-color:#182984;border-top-left-radius:20px;border-top-right-radius:20px;border-bottom-left-radius:20px;border-bottom-right-radius:20px;padding-top:var(--wp--preset--spacing--30);padding-right:var(--wp--preset--spacing--30);padding-bottom:var(--wp--preset--spacing--30);padding-left:var(--wp--preset--spacing--30)\"><h3 class=\"wp-block-post-title\"><a href=\"https:\/\/oliviermetellus.fr\/index.php\/2026\/03\/01\/jacmel-haiti-bonneuil-sur-marne-pont-culturel-et-invitation-institutionnelle-2026\/\" target=\"_blank\" >Jacmel (Ha\u00efti)\u2013 Bonneuil-sur-Marne : pont culturel et invitation institutionnelle (2026)<\/a><\/h3>\n\n<div class=\"wp-block-post-excerpt\"><p class=\"wp-block-post-excerpt__excerpt\">Dans le cadre de la remise du Prix Jean M\u00e9tellus 2026, la Maire de Jacmel (Loudie C\u00e9sar) est invit\u00e9e \u00e0 Bonneuil-sur-Marne sur une p\u00e9riode actuellement envisag\u00e9e entre le 6 et le 12 mai 2026. Le calendrier d\u00e9finitif reste en cours de confirmation. <\/p><\/div><\/div>\n\n<\/li><li class=\"wp-block-post post-706 post type-post status-publish format-standard hentry category-actualites category-projets-realisations tag-bonneuil tag-diplomatie-culturelle tag-jacmel tag-projet-en-cours\">\n\n<div class=\"wp-block-group has-border-color has-custom-gris-clair-background-color has-background is-layout-flow wp-block-group-is-layout-flow\" style=\"border-color:#182984;border-top-left-radius:20px;border-top-right-radius:20px;border-bottom-left-radius:20px;border-bottom-right-radius:20px;padding-top:var(--wp--preset--spacing--30);padding-right:var(--wp--preset--spacing--30);padding-bottom:var(--wp--preset--spacing--30);padding-left:var(--wp--preset--spacing--30)\"><h3 class=\"wp-block-post-title\"><a href=\"https:\/\/oliviermetellus.fr\/index.php\/2026\/01\/15\/prix-litteraire-jean-metellus-edition-2026-lancement-coordination\/\" target=\"_blank\" >Prix litt\u00e9raire Jean M\u00e9tellus \u2014 \u00e9dition 2026 (lancement &amp; coordination)<\/a><\/h3>\n\n<div class=\"wp-block-post-excerpt\"><p class=\"wp-block-post-excerpt__excerpt\">L\u2019\u00e9dition 2026 du Prix litt\u00e9raire Jean M\u00e9tellus s\u2019inscrit dans une d\u00e9marche de transmission et de rayonnement de la litt\u00e9rature francophone. Co-organis\u00e9 par l&rsquo;AAJM avec l\u2019AFHES (Dr Jonas Jolivert) et les \u00c9ditions Recto-Verso, le Prix distingue une \u0153uvre et peut \u00eatre compl\u00e9t\u00e9 par une ou deux mentions sp\u00e9ciales du jury. <\/p><\/div><\/div>\n\n<\/li><li class=\"wp-block-post post-761 post type-post status-publish format-standard hentry category-actualites category-projets-realisations tag-francophonie tag-gouvernance-associative tag-grand-prix-senghor tag-langues-vernaculaires tag-nouvelle-pleiade tag-patrimoine-litteraire tag-poesie tag-prix-senghor tag-projet-en-cours tag-reseaux-culturels tag-transmission\">\n\n<div class=\"wp-block-group has-border-color has-custom-gris-clair-background-color has-background is-layout-flow wp-block-group-is-layout-flow\" style=\"border-color:#182984;border-top-left-radius:20px;border-top-right-radius:20px;border-bottom-left-radius:20px;border-bottom-right-radius:20px;padding-top:var(--wp--preset--spacing--30);padding-right:var(--wp--preset--spacing--30);padding-bottom:var(--wp--preset--spacing--30);padding-left:var(--wp--preset--spacing--30)\"><h3 class=\"wp-block-post-title\"><a href=\"https:\/\/oliviermetellus.fr\/index.php\/2025\/11\/26\/la-nouvelle-pleiade-redonner-visibilite-et-aura-a-une-institution-poetique\/\" target=\"_blank\" >La Nouvelle Pl\u00e9iade \u2014 redonner visibilit\u00e9 et aura \u00e0 une association po\u00e9tique<\/a><\/h3>\n\n<div class=\"wp-block-post-excerpt\"><p class=\"wp-block-post-excerpt__excerpt\">Depuis l\u2019AG du 26 novembre 2025, je participe \u00e0 la redynamisation de l\u2019association La Nouvelle Pl\u00e9iade en tant que secr\u00e9taire g\u00e9n\u00e9ralL\u2019objectif est simple : reprendre le flambeau voulu par ses fondateurs, renforcer la visibilit\u00e9 de l\u2019association et remettre en lumi\u00e8re sa vocation : d\u00e9fendre et illustrer les langues vernaculaires et servir une francophonie exigeante, vivante,\u2026 <\/p><\/div><\/div>\n\n<\/li><\/ul>\n\n\n\n<\/div>\n\n\n\n<h2 class=\"wp-block-heading\">R\u00e9alisations &amp; archives<\/h2>\n\n\n\n<div class=\"wp-block-query is-layout-flow wp-block-query-is-layout-flow\"><ul class=\"wp-block-post-template is-layout-flow wp-block-post-template-is-layout-flow\"><li class=\"wp-block-post post-1453 post type-post status-publish format-standard has-post-thumbnail hentry category-actualites category-agenda-annonces category-presences-dialogues category-projets-realisations tag-diplomatie-culturelle tag-projet-realise\">\n\n<div class=\"wp-block-group has-border-color has-custom-blanc-background-color has-background is-layout-flow wp-block-group-is-layout-flow\" style=\"border-color:#182984;border-top-left-radius:20px;border-top-right-radius:20px;border-bottom-left-radius:20px;border-bottom-right-radius:20px;min-height:0px;padding-top:var(--wp--preset--spacing--30);padding-right:var(--wp--preset--spacing--30);padding-bottom:var(--wp--preset--spacing--30);padding-left:var(--wp--preset--spacing--30)\"><h2 class=\"wp-block-post-title\"><a href=\"https:\/\/oliviermetellus.fr\/index.php\/2026\/04\/02\/eloquentia-2026-clore-un-chapitre-garder-une-trace\/\" target=\"_self\" >Eloquentia 2026 \u2014 clore un chapitre, garder une trace<\/a><\/h2>\n\n<div class=\"wp-block-post-excerpt\"><p class=\"wp-block-post-excerpt__excerpt\">Retour sur une s\u00e9quence d\u2019accueil, d\u2019accompagnement et de transmission autour de la d\u00e9l\u00e9gation de Jacmel pour la finale internationale d\u2019Eloquentia 2026, d\u00e9sormais inscrite dans les archives du site. <\/p><\/div><\/div>\n\n<\/li><li class=\"wp-block-post post-728 post type-post status-publish format-standard hentry category-actualites category-projets-realisations tag-diplomatie-culturelle tag-projet-realise\">\n\n<div class=\"wp-block-group has-border-color has-custom-blanc-background-color has-background is-layout-flow wp-block-group-is-layout-flow\" style=\"border-color:#182984;border-top-left-radius:20px;border-top-right-radius:20px;border-bottom-left-radius:20px;border-bottom-right-radius:20px;min-height:0px;padding-top:var(--wp--preset--spacing--30);padding-right:var(--wp--preset--spacing--30);padding-bottom:var(--wp--preset--spacing--30);padding-left:var(--wp--preset--spacing--30)\"><h2 class=\"wp-block-post-title\"><a href=\"https:\/\/oliviermetellus.fr\/index.php\/2026\/03\/01\/eloquentia-accueil-accompagnement-de-la-delegation-de-jacmel-finale-internationale-paris-2026\/\" target=\"_self\" >Eloquentia \u2014 accueil &amp; accompagnement de la d\u00e9l\u00e9gation de Jacmel (Finale internationale, Paris 2026)<\/a><\/h2>\n\n<div class=\"wp-block-post-excerpt\"><p class=\"wp-block-post-excerpt__excerpt\">\u00c0 l\u2019occasion de la finale internationale d\u2019Eloquentia \u00e0 la Seine Musicale (Paris), je participe \u00e0 l\u2019accueil et l\u2019accompagnement de la d\u00e9l\u00e9gation venue de Jacmel, ainsi qu&rsquo;\u00e0 la coordination, \u00e0 Paris, d\u2019un circuit de rencontres et de visibilit\u00e9. <\/p><\/div><\/div>\n\n<\/li><li class=\"wp-block-post post-755 post type-post status-publish format-standard hentry category-actualites category-projets-realisations tag-projet-realise\">\n\n<div class=\"wp-block-group has-border-color has-custom-blanc-background-color has-background is-layout-flow wp-block-group-is-layout-flow\" style=\"border-color:#182984;border-top-left-radius:20px;border-top-right-radius:20px;border-bottom-left-radius:20px;border-bottom-right-radius:20px;min-height:0px;padding-top:var(--wp--preset--spacing--30);padding-right:var(--wp--preset--spacing--30);padding-bottom:var(--wp--preset--spacing--30);padding-left:var(--wp--preset--spacing--30)\"><h2 class=\"wp-block-post-title\"><a href=\"https:\/\/oliviermetellus.fr\/index.php\/2026\/01\/25\/dotation-aajm-visite-en-poesie-nuits-de-la-lecture\/\" target=\"_self\" >Dotation AAJM &amp; \u201cVisite en po\u00e9sie\u201d (Nuits de la lecture)<\/a><\/h2>\n\n<div class=\"wp-block-post-excerpt\"><p class=\"wp-block-post-excerpt__excerpt\">Contexte Dans une logique de transmission, j\u2019ai r\u00e9alis\u00e9 au nom de l\u2019AAJM une dotation d\u2019ouvrages de Jean M\u00e9tellus au Mus\u00e9e International d\u2019Art Na\u00eff (MIDAN, Vicq).Cette d\u00e9marche a nourri une dynamique locale : la biblioth\u00e8que du mus\u00e9e et la Ville de Vicq ont souhait\u00e9 \u201crendre l\u2019ascenseur\u201d en construisant un \u00e9v\u00e9nement associant \u0153uvres visuelles, lecture et m\u00e9diation.\u2026 <\/p><\/div><\/div>\n\n<\/li><li class=\"wp-block-post post-717 post type-post status-publish format-standard hentry category-actualites category-projets-realisations tag-projet-realise\">\n\n<div class=\"wp-block-group has-border-color has-custom-blanc-background-color has-background is-layout-flow wp-block-group-is-layout-flow\" style=\"border-color:#182984;border-top-left-radius:20px;border-top-right-radius:20px;border-bottom-left-radius:20px;border-bottom-right-radius:20px;min-height:0px;padding-top:var(--wp--preset--spacing--30);padding-right:var(--wp--preset--spacing--30);padding-bottom:var(--wp--preset--spacing--30);padding-left:var(--wp--preset--spacing--30)\"><h2 class=\"wp-block-post-title\"><a href=\"https:\/\/oliviermetellus.fr\/index.php\/2025\/12\/01\/ginette-cherubin-coordination-dun-passage-a-paris-europe\/\" target=\"_self\" >Ginette Ch\u00e9rubin \u2014 coordination d\u2019un passage \u00e0 Paris \/ Europe<\/a><\/h2>\n\n<div class=\"wp-block-post-excerpt\"><p class=\"wp-block-post-excerpt__excerpt\">\u00c0 la demande de Ginette Ch\u00e9rubin, j\u2019ai coordonn\u00e9 un passage \u00e0 Paris (et plus largement en Europe) autour de son livre Ha\u00efti, le ventre pourri de la b\u00eate, afin de lui donner un cadre solide, des points d\u2019appui institutionnels et des espaces de prise de parole coh\u00e9rents. <\/p><\/div><\/div>\n\n<\/li><li class=\"wp-block-post post-736 post type-post status-publish format-standard hentry category-actualites category-projets-realisations tag-aajm tag-diplomatie-culturelle tag-francophonie tag-maunick tag-maurice tag-patrimoine tag-projet-realise tag-transmission\">\n\n<div class=\"wp-block-group has-border-color has-custom-blanc-background-color has-background is-layout-flow wp-block-group-is-layout-flow\" style=\"border-color:#182984;border-top-left-radius:20px;border-top-right-radius:20px;border-bottom-left-radius:20px;border-bottom-right-radius:20px;min-height:0px;padding-top:var(--wp--preset--spacing--30);padding-right:var(--wp--preset--spacing--30);padding-bottom:var(--wp--preset--spacing--30);padding-left:var(--wp--preset--spacing--30)\"><h2 class=\"wp-block-post-title\"><a href=\"https:\/\/oliviermetellus.fr\/index.php\/2025\/10\/24\/mission-maurice-le-morne-brabant-transmission-patrimoniale-dialogue-des-iles\/\" target=\"_self\" >Mission Maurice \u2014 Le Morne Brabant : transmission patrimoniale &amp; dialogue des \u00eeles<\/a><\/h2>\n\n<div class=\"wp-block-post-excerpt\"><p class=\"wp-block-post-excerpt__excerpt\">Transmission litt\u00e9raire et patrimoniale dans un haut lieu de m\u00e9moire li\u00e9 au marronnage, en lien avec le Morne Heritage Trust Fund (UNESCO).Dotation d\u2019ouvrages et mise en relation autour d\u2019un fil conducteur : faire dialoguer les m\u00e9moires et les \u00eeles dans l\u2019espace francophone. Contexte Le Morne Brabant est un lieu majeur de m\u00e9moire. Dans ce cadre,\u2026 <\/p><\/div><\/div>\n\n<\/li><li class=\"wp-block-post post-741 post type-post status-publish format-standard hentry category-actualites category-projets-realisations tag-aajm tag-diplomatie-culturelle tag-francophonie tag-maunick tag-maurice tag-patrimoine tag-projet-realise tag-transmission\">\n\n<div class=\"wp-block-group has-border-color has-custom-blanc-background-color has-background is-layout-flow wp-block-group-is-layout-flow\" style=\"border-color:#182984;border-top-left-radius:20px;border-top-right-radius:20px;border-bottom-left-radius:20px;border-bottom-right-radius:20px;min-height:0px;padding-top:var(--wp--preset--spacing--30);padding-right:var(--wp--preset--spacing--30);padding-bottom:var(--wp--preset--spacing--30);padding-left:var(--wp--preset--spacing--30)\"><h2 class=\"wp-block-post-title\"><a href=\"https:\/\/oliviermetellus.fr\/index.php\/2024\/05\/02\/mission-benin-dotation-diplomatie-culturelle\/\" target=\"_self\" >Mission B\u00e9nin \u2014 dotation &amp; diplomatie culturelle<\/a><\/h2>\n\n<div class=\"wp-block-post-excerpt\"><p class=\"wp-block-post-excerpt__excerpt\">Mission de transmission et de diplomatie culturelle men\u00e9e au B\u00e9nin (avril 2024), autour d\u2019une d\u00e9marche de dotation d\u2019ouvrages et de rencontres avec des acteurs de m\u00e9diation (biblioth\u00e8ques, centres culturels, partenaires). Fil rouge : m\u00e9moire \u2013 transmission \u2013 jeunesse, avec des \u00e9tapes \u00e0 Allada, Ouidah et Porto-Novo. Contexte Mission de transmission culturelle conduite au B\u00e9nin, avec\u2026 <\/p><\/div><\/div>\n\n<\/li><\/ul>\n\n\n\n<\/div>\n\n\n\n<h2 class=\"wp-block-heading\">Pour aller plus loin<\/h2>\n\n\n\n<div class=\"wp-block-buttons is-layout-flex wp-block-buttons-is-layout-flex\">\n<div class=\"wp-block-button\"><a class=\"wp-block-button__link has-custom-blanc-color has-custom-bleu-accent-cta-background-color has-text-color has-background has-link-color wp-element-button\" href=\"https:\/\/oliviermetellus.fr\/index.php\/publications-tribunes\/\">Voir les publications li\u00e9es<\/a><\/div>\n\n\n\n<div class=\"wp-block-button\"><a class=\"wp-block-button__link has-custom-blanc-color has-custom-bleu-accent-cta-background-color has-text-color has-background has-link-color wp-element-button\" href=\"https:\/\/oliviermetellus.fr\/index.php\/prises-de-parole\/\">Voir les interventions &amp; conf\u00e9rences<\/a><\/div>\n\n\n\n<div class=\"wp-block-button\"><a class=\"wp-block-button__link has-custom-blanc-color has-custom-bleu-accent-cta-background-color has-text-color has-background has-link-color wp-element-button\" href=\"https:\/\/oliviermetellus.fr\/index.php\/agenda-annonces\/\">Voir l\u2019agenda complet<\/a><\/div>\n<\/div>\n<\/div>\n\n\n\n<p><\/p>\n","protected":false},"excerpt":{"rendered":"<p>Cette rubrique pr\u00e9sente des projets que je conduis ou coordonne, avec des partenaires et des jalons identifi\u00e9s \u2014 dans le respect des personnes, des institutions et lorsque n\u00e9cessaire, dans la confidentialit\u00e9.Chaque entr\u00e9e pr\u00e9cise mon r\u00f4le, le statut (en cours \/ r\u00e9alis\u00e9 \/ archives) et renvoie, le cas \u00e9ch\u00e9ant, vers les publications ou interventions associ\u00e9es. Chaque [&hellip;]<\/p>\n","protected":false},"author":1,"featured_media":0,"parent":0,"menu_order":0,"comment_status":"closed","ping_status":"closed","template":"page-interne-bandeau-bleu","meta":{"footnotes":""},"class_list":["post-686","page","type-page","status-publish","hentry"],"_links":{"self":[{"href":"https:\/\/oliviermetellus.fr\/index.php\/wp-json\/wp\/v2\/pages\/686","targetHints":{"allow":["GET"]}}],"collection":[{"href":"https:\/\/oliviermetellus.fr\/index.php\/wp-json\/wp\/v2\/pages"}],"about":[{"href":"https:\/\/oliviermetellus.fr\/index.php\/wp-json\/wp\/v2\/types\/page"}],"author":[{"embeddable":true,"href":"https:\/\/oliviermetellus.fr\/index.php\/wp-json\/wp\/v2\/users\/1"}],"replies":[{"embeddable":true,"href":"https:\/\/oliviermetellus.fr\/index.php\/wp-json\/wp\/v2\/comments?post=686"}],"version-history":[{"count":20,"href":"https:\/\/oliviermetellus.fr\/index.php\/wp-json\/wp\/v2\/pages\/686\/revisions"}],"predecessor-version":[{"id":1367,"href":"https:\/\/oliviermetellus.fr\/index.php\/wp-json\/wp\/v2\/pages\/686\/revisions\/1367"}],"wp:attachment":[{"href":"https:\/\/oliviermetellus.fr\/index.php\/wp-json\/wp\/v2\/media?parent=686"}],"curies":[{"name":"wp","href":"https:\/\/api.w.org\/{rel}","templated":true}]}}