{"id":922,"date":"2026-03-06T15:28:40","date_gmt":"2026-03-06T15:28:40","guid":{"rendered":"https:\/\/oliviermetellus.fr\/?page_id=922"},"modified":"2026-03-06T22:53:17","modified_gmt":"2026-03-06T22:53:17","slug":"presences-dialogues","status":"publish","type":"page","link":"https:\/\/oliviermetellus.fr\/index.php\/presences-dialogues\/","title":{"rendered":"Pr\u00e9sences &#038; dialogues"},"content":{"rendered":"\n<div class=\"wp-block-group alignwide is-layout-flow wp-block-group-is-layout-flow\">\n<p>Cette page rassemble une s\u00e9lection de moments publics et de rencontres : \u00e9changes, interventions, partenariats, visites, \u00e9tapes de projets.<br>J\u2019y consigne une s\u00e9lection \u2014 contexte, rep\u00e8res, images \u2014 pour que ces traces restent lisibles hors des r\u00e9seaux.<\/p>\n\n\n\n<div class=\"wp-block-query is-layout-flow wp-block-query-is-layout-flow\"><ul class=\"wp-block-post-template is-layout-flow wp-block-post-template-is-layout-flow\"><li class=\"wp-block-post post-1490 post type-post status-publish format-standard has-post-thumbnail hentry category-actualites category-presences-dialogues category-projets-realisations category-uncategorized\">\n\n<div class=\"wp-block-columns are-vertically-aligned-center is-layout-flex wp-container-core-columns-is-layout-28f84493 wp-block-columns-is-layout-flex\">\n<div class=\"wp-block-column is-vertically-aligned-center is-layout-flow wp-block-column-is-layout-flow\" style=\"flex-basis:25%\"><figure style=\"aspect-ratio:1;\" class=\"wp-block-post-featured-image\"><a href=\"https:\/\/oliviermetellus.fr\/index.php\/2026\/04\/19\/eloquentia-jacmel-a-paris-la-playlist-memoire-est-en-ligne\/\" target=\"_self\"  ><img loading=\"lazy\" decoding=\"async\" width=\"768\" height=\"1024\" src=\"https:\/\/oliviermetellus.fr\/wp-content\/uploads\/2026\/03\/IMG_0161-768x1024.jpeg\" class=\"attachment-large size-large wp-post-image\" alt=\"Eloquentia Jacmel \u00e0 Paris : la playlist m\u00e9moire est en ligne\" style=\"width:100%;height:100%;object-fit:cover;\" srcset=\"https:\/\/oliviermetellus.fr\/wp-content\/uploads\/2026\/03\/IMG_0161-768x1024.jpeg 768w, https:\/\/oliviermetellus.fr\/wp-content\/uploads\/2026\/03\/IMG_0161-225x300.jpeg 225w, https:\/\/oliviermetellus.fr\/wp-content\/uploads\/2026\/03\/IMG_0161-1152x1536.jpeg 1152w, https:\/\/oliviermetellus.fr\/wp-content\/uploads\/2026\/03\/IMG_0161.jpeg 1536w\" sizes=\"auto, (max-width: 768px) 100vw, 768px\" \/><\/a><\/figure><\/div>\n\n\n\n<div class=\"wp-block-column is-vertically-aligned-center is-layout-flow wp-block-column-is-layout-flow\" style=\"flex-basis:75%\"><h2 class=\"wp-block-post-title\"><a href=\"https:\/\/oliviermetellus.fr\/index.php\/2026\/04\/19\/eloquentia-jacmel-a-paris-la-playlist-memoire-est-en-ligne\/\" target=\"_self\" >Eloquentia Jacmel \u00e0 Paris : la playlist m\u00e9moire est en ligne<\/a><\/h2>\n\n<div class=\"wp-block-post-excerpt\"><p class=\"wp-block-post-excerpt__excerpt\">La playlist consacr\u00e9e \u00e0 Eloquentia Jacmel \u00e0 Paris est d\u00e9sormais en ligne sur la cha\u00eene YouTube de l\u2019AAJM : un prolongement visuel et sonore pour garder trace de cette aventure. <\/p><\/div><\/div>\n<\/div>\n\n<\/li><li class=\"wp-block-post post-1482 post type-post status-publish format-standard has-post-thumbnail hentry category-actualites category-presences-dialogues category-uncategorized\">\n\n<div class=\"wp-block-columns are-vertically-aligned-center is-layout-flex wp-container-core-columns-is-layout-28f84493 wp-block-columns-is-layout-flex\">\n<div class=\"wp-block-column is-vertically-aligned-center is-layout-flow wp-block-column-is-layout-flow\" style=\"flex-basis:25%\"><figure style=\"aspect-ratio:1;\" class=\"wp-block-post-featured-image\"><a href=\"https:\/\/oliviermetellus.fr\/index.php\/2026\/04\/07\/pantheon-hommage-a-toussaint-louverture-7-avril-2026\/\" target=\"_self\"  ><img loading=\"lazy\" decoding=\"async\" width=\"1024\" height=\"730\" src=\"https:\/\/oliviermetellus.fr\/wp-content\/uploads\/2026\/04\/Invitation_O_Metellus-1024x730.png\" class=\"attachment-large size-large wp-post-image\" alt=\"Panth\u00e9on \u2013 Hommage \u00e0 Toussaint Louverture (7 avril 2026)\" style=\"width:100%;height:100%;object-fit:cover;\" srcset=\"https:\/\/oliviermetellus.fr\/wp-content\/uploads\/2026\/04\/Invitation_O_Metellus-1024x730.png 1024w, https:\/\/oliviermetellus.fr\/wp-content\/uploads\/2026\/04\/Invitation_O_Metellus-300x214.png 300w, https:\/\/oliviermetellus.fr\/wp-content\/uploads\/2026\/04\/Invitation_O_Metellus-768x548.png 768w, https:\/\/oliviermetellus.fr\/wp-content\/uploads\/2026\/04\/Invitation_O_Metellus-1536x1096.png 1536w, https:\/\/oliviermetellus.fr\/wp-content\/uploads\/2026\/04\/Invitation_O_Metellus.png 1985w\" sizes=\"auto, (max-width: 1024px) 100vw, 1024px\" \/><\/a><\/figure><\/div>\n\n\n\n<div class=\"wp-block-column is-vertically-aligned-center is-layout-flow wp-block-column-is-layout-flow\" style=\"flex-basis:75%\"><h2 class=\"wp-block-post-title\"><a href=\"https:\/\/oliviermetellus.fr\/index.php\/2026\/04\/07\/pantheon-hommage-a-toussaint-louverture-7-avril-2026\/\" target=\"_self\" >Panth\u00e9on \u2013 Hommage \u00e0 Toussaint Louverture (7 avril 2026)<\/a><\/h2>\n\n<div class=\"wp-block-post-excerpt\"><p class=\"wp-block-post-excerpt__excerpt\">Au Panth\u00e9on, un moment de recueillement en hommage \u00e0 Toussaint Louverture, figure majeure de l\u2019histoire ha\u00eftienne et de l\u2019exigence de libert\u00e9. <\/p><\/div><\/div>\n<\/div>\n\n<\/li><li class=\"wp-block-post post-1471 post type-post status-publish format-standard has-post-thumbnail hentry category-actualites category-presences-dialogues\">\n\n<div class=\"wp-block-columns are-vertically-aligned-center is-layout-flex wp-container-core-columns-is-layout-28f84493 wp-block-columns-is-layout-flex\">\n<div class=\"wp-block-column is-vertically-aligned-center is-layout-flow wp-block-column-is-layout-flow\" style=\"flex-basis:25%\"><figure style=\"aspect-ratio:1;\" class=\"wp-block-post-featured-image\"><a href=\"https:\/\/oliviermetellus.fr\/index.php\/2026\/04\/04\/au-quai-branly-une-avant-premiere-habitee-dodji-larchet-vodun\/\" target=\"_self\"  ><img loading=\"lazy\" decoding=\"async\" width=\"1024\" height=\"681\" src=\"https:\/\/oliviermetellus.fr\/wp-content\/uploads\/2026\/04\/Dodji-1024x681.jpg\" class=\"attachment-large size-large wp-post-image\" alt=\"Au quai Branly, une avant-premi\u00e8re habit\u00e9e : Dodji, l\u2019archet Vodun\" style=\"width:100%;height:100%;object-fit:cover;\" srcset=\"https:\/\/oliviermetellus.fr\/wp-content\/uploads\/2026\/04\/Dodji-1024x681.jpg 1024w, https:\/\/oliviermetellus.fr\/wp-content\/uploads\/2026\/04\/Dodji-300x199.jpg 300w, https:\/\/oliviermetellus.fr\/wp-content\/uploads\/2026\/04\/Dodji-768x511.jpg 768w, https:\/\/oliviermetellus.fr\/wp-content\/uploads\/2026\/04\/Dodji.jpg 1280w\" sizes=\"auto, (max-width: 1024px) 100vw, 1024px\" \/><\/a><\/figure><\/div>\n\n\n\n<div class=\"wp-block-column is-vertically-aligned-center is-layout-flow wp-block-column-is-layout-flow\" style=\"flex-basis:75%\"><h2 class=\"wp-block-post-title\"><a href=\"https:\/\/oliviermetellus.fr\/index.php\/2026\/04\/04\/au-quai-branly-une-avant-premiere-habitee-dodji-larchet-vodun\/\" target=\"_self\" >Au quai Branly, une avant-premi\u00e8re habit\u00e9e : Dodji, l\u2019archet Vodun<\/a><\/h2>\n\n<div class=\"wp-block-post-excerpt\"><p class=\"wp-block-post-excerpt__excerpt\">Quelques secondes suffisent parfois \u00e0 dire l\u2019essentiel. \u00c0 l\u2019issue de la projection, la salle a longuement applaudi \u2014 un moment simple, mais r\u00e9v\u00e9lateur de la r\u00e9ception du film. <\/p><\/div><\/div>\n<\/div>\n\n<\/li><li class=\"wp-block-post post-1453 post type-post status-publish format-standard has-post-thumbnail hentry category-actualites category-agenda-annonces category-presences-dialogues category-projets-realisations tag-diplomatie-culturelle tag-projet-realise\">\n\n<div class=\"wp-block-columns are-vertically-aligned-center is-layout-flex wp-container-core-columns-is-layout-28f84493 wp-block-columns-is-layout-flex\">\n<div class=\"wp-block-column is-vertically-aligned-center is-layout-flow wp-block-column-is-layout-flow\" style=\"flex-basis:25%\"><figure style=\"aspect-ratio:1;\" class=\"wp-block-post-featured-image\"><a href=\"https:\/\/oliviermetellus.fr\/index.php\/2026\/04\/02\/eloquentia-2026-clore-un-chapitre-garder-une-trace\/\" target=\"_self\"  ><img loading=\"lazy\" decoding=\"async\" width=\"1024\" height=\"768\" src=\"https:\/\/oliviermetellus.fr\/wp-content\/uploads\/2026\/04\/Victoire_Wagens_Abi-1024x768.jpeg\" class=\"attachment-large size-large wp-post-image\" alt=\"Eloquentia 2026 \u2014 clore un chapitre, garder une trace\" style=\"width:100%;height:100%;object-fit:cover;\" srcset=\"https:\/\/oliviermetellus.fr\/wp-content\/uploads\/2026\/04\/Victoire_Wagens_Abi-1024x768.jpeg 1024w, https:\/\/oliviermetellus.fr\/wp-content\/uploads\/2026\/04\/Victoire_Wagens_Abi-300x225.jpeg 300w, https:\/\/oliviermetellus.fr\/wp-content\/uploads\/2026\/04\/Victoire_Wagens_Abi-768x576.jpeg 768w, https:\/\/oliviermetellus.fr\/wp-content\/uploads\/2026\/04\/Victoire_Wagens_Abi-1536x1152.jpeg 1536w, https:\/\/oliviermetellus.fr\/wp-content\/uploads\/2026\/04\/Victoire_Wagens_Abi.jpeg 2048w\" sizes=\"auto, (max-width: 1024px) 100vw, 1024px\" \/><\/a><\/figure><\/div>\n\n\n\n<div class=\"wp-block-column is-vertically-aligned-center is-layout-flow wp-block-column-is-layout-flow\" style=\"flex-basis:75%\"><h2 class=\"wp-block-post-title\"><a href=\"https:\/\/oliviermetellus.fr\/index.php\/2026\/04\/02\/eloquentia-2026-clore-un-chapitre-garder-une-trace\/\" target=\"_self\" >Eloquentia 2026 \u2014 clore un chapitre, garder une trace<\/a><\/h2>\n\n<div class=\"wp-block-post-excerpt\"><p class=\"wp-block-post-excerpt__excerpt\">Retour sur une s\u00e9quence d\u2019accueil, d\u2019accompagnement et de transmission autour de la d\u00e9l\u00e9gation de Jacmel pour la finale internationale d\u2019Eloquentia 2026, d\u00e9sormais inscrite dans les archives du site. <\/p><\/div><\/div>\n<\/div>\n\n<\/li><li class=\"wp-block-post post-1438 post type-post status-publish format-standard has-post-thumbnail hentry category-actualites category-agenda-annonces category-interventions-conferences category-presences-dialogues tag-diplomatie-culturelle\">\n\n<div class=\"wp-block-columns are-vertically-aligned-center is-layout-flex wp-container-core-columns-is-layout-28f84493 wp-block-columns-is-layout-flex\">\n<div class=\"wp-block-column is-vertically-aligned-center is-layout-flow wp-block-column-is-layout-flow\" style=\"flex-basis:25%\"><figure style=\"aspect-ratio:1;\" class=\"wp-block-post-featured-image\"><a href=\"https:\/\/oliviermetellus.fr\/index.php\/2026\/03\/27\/deloquentia-jacmel-a-paris-quelques-jours-daccueil-de-rencontres-et-de-passerelles\/\" target=\"_self\"  ><img loading=\"lazy\" decoding=\"async\" width=\"724\" height=\"1024\" src=\"https:\/\/oliviermetellus.fr\/wp-content\/uploads\/2026\/03\/Flyer-724x1024.jpeg\" class=\"attachment-large size-large wp-post-image\" alt=\"Maison de l\u2019Am\u00e9rique latine : une causerie sur le rayonnement de la culture ha\u00eftienne en France\" style=\"width:100%;height:100%;object-fit:cover;\" srcset=\"https:\/\/oliviermetellus.fr\/wp-content\/uploads\/2026\/03\/Flyer-724x1024.jpeg 724w, https:\/\/oliviermetellus.fr\/wp-content\/uploads\/2026\/03\/Flyer-212x300.jpeg 212w, https:\/\/oliviermetellus.fr\/wp-content\/uploads\/2026\/03\/Flyer-768x1086.jpeg 768w, https:\/\/oliviermetellus.fr\/wp-content\/uploads\/2026\/03\/Flyer-1086x1536.jpeg 1086w, https:\/\/oliviermetellus.fr\/wp-content\/uploads\/2026\/03\/Flyer.jpeg 1414w\" sizes=\"auto, (max-width: 724px) 100vw, 724px\" \/><\/a><\/figure><\/div>\n\n\n\n<div class=\"wp-block-column is-vertically-aligned-center is-layout-flow wp-block-column-is-layout-flow\" style=\"flex-basis:75%\"><h2 class=\"wp-block-post-title\"><a href=\"https:\/\/oliviermetellus.fr\/index.php\/2026\/03\/27\/deloquentia-jacmel-a-paris-quelques-jours-daccueil-de-rencontres-et-de-passerelles\/\" target=\"_self\" >Maison de l\u2019Am\u00e9rique latine : une causerie sur le rayonnement de la culture ha\u00eftienne en France<\/a><\/h2>\n\n<div class=\"wp-block-post-excerpt\"><p class=\"wp-block-post-excerpt__excerpt\">Intervention \u00e0 la Maison de l\u2019Am\u00e9rique latine, le 27 mars 2026, \u00e0 l\u2019invitation du Cercle Dumas Ha\u00efti-France, autour d\u2019un th\u00e8me central : la culture ha\u00eftienne comme vecteur de rayonnement et d\u2019influence en France. <\/p><\/div><\/div>\n<\/div>\n\n<\/li><li class=\"wp-block-post post-927 post type-post status-publish format-standard has-post-thumbnail hentry category-presences-dialogues\">\n\n<div class=\"wp-block-columns are-vertically-aligned-center is-layout-flex wp-container-core-columns-is-layout-28f84493 wp-block-columns-is-layout-flex\">\n<div class=\"wp-block-column is-vertically-aligned-center is-layout-flow wp-block-column-is-layout-flow\" style=\"flex-basis:25%\"><figure style=\"aspect-ratio:1;\" class=\"wp-block-post-featured-image\"><a href=\"https:\/\/oliviermetellus.fr\/index.php\/2026\/02\/27\/vendredi-27-fevrier-dernier-retour-a-poetes-en-resonances\/\" target=\"_self\"  ><img loading=\"lazy\" decoding=\"async\" width=\"1024\" height=\"768\" src=\"https:\/\/oliviermetellus.fr\/wp-content\/uploads\/2026\/03\/P-Perrin_L-Lombe_JC-Meffre-1024x768.jpeg\" class=\"attachment-large size-large wp-post-image\" alt=\"Po\u00e8tes en R\u00e9sonances &#8211; f\u00e9vrier 2026\" style=\"width:100%;height:100%;object-fit:cover;\" srcset=\"https:\/\/oliviermetellus.fr\/wp-content\/uploads\/2026\/03\/P-Perrin_L-Lombe_JC-Meffre-1024x768.jpeg 1024w, https:\/\/oliviermetellus.fr\/wp-content\/uploads\/2026\/03\/P-Perrin_L-Lombe_JC-Meffre-300x225.jpeg 300w, https:\/\/oliviermetellus.fr\/wp-content\/uploads\/2026\/03\/P-Perrin_L-Lombe_JC-Meffre-768x576.jpeg 768w, https:\/\/oliviermetellus.fr\/wp-content\/uploads\/2026\/03\/P-Perrin_L-Lombe_JC-Meffre-1536x1152.jpeg 1536w, https:\/\/oliviermetellus.fr\/wp-content\/uploads\/2026\/03\/P-Perrin_L-Lombe_JC-Meffre.jpeg 2048w\" sizes=\"auto, (max-width: 1024px) 100vw, 1024px\" \/><\/a><\/figure><\/div>\n\n\n\n<div class=\"wp-block-column is-vertically-aligned-center is-layout-flow wp-block-column-is-layout-flow\" style=\"flex-basis:75%\"><h2 class=\"wp-block-post-title\"><a href=\"https:\/\/oliviermetellus.fr\/index.php\/2026\/02\/27\/vendredi-27-fevrier-dernier-retour-a-poetes-en-resonances\/\" target=\"_self\" >Po\u00e8tes en R\u00e9sonances &#8211; f\u00e9vrier 2026<\/a><\/h2>\n\n<div class=\"wp-block-post-excerpt\"><p class=\"wp-block-post-excerpt__excerpt\">Vendredi 27 f\u00e9vrier dernier, retour \u00e0 Po\u00e8tes en R\u00e9sonances \u2014 et, comme la derni\u00e8re fois, je suis reparti avec ce m\u00e9lange rare : l\u2019\u00e9motion, la justesse\u2026 et l\u2019envie de relire, de r\u00e9\u00e9couter, de prolonger. <\/p><\/div><\/div>\n<\/div>\n\n<\/li><li class=\"wp-block-post post-969 post type-post status-publish format-standard has-post-thumbnail hentry category-presences-dialogues\">\n\n<div class=\"wp-block-columns are-vertically-aligned-center is-layout-flex wp-container-core-columns-is-layout-28f84493 wp-block-columns-is-layout-flex\">\n<div class=\"wp-block-column is-vertically-aligned-center is-layout-flow wp-block-column-is-layout-flow\" style=\"flex-basis:25%\"><figure style=\"aspect-ratio:1;\" class=\"wp-block-post-featured-image\"><a href=\"https:\/\/oliviermetellus.fr\/index.php\/2026\/02\/24\/bob-et-moi-alexandre-virapin-2\/\" target=\"_self\"  ><img loading=\"lazy\" decoding=\"async\" width=\"713\" height=\"1024\" src=\"https:\/\/oliviermetellus.fr\/wp-content\/uploads\/2026\/03\/BobMoi_Flyer-713x1024.jpg\" class=\"attachment-large size-large wp-post-image\" alt=\"Bob et moi &#8211; Alexandre Virapin\" style=\"width:100%;height:100%;object-fit:cover;\" srcset=\"https:\/\/oliviermetellus.fr\/wp-content\/uploads\/2026\/03\/BobMoi_Flyer-713x1024.jpg 713w, https:\/\/oliviermetellus.fr\/wp-content\/uploads\/2026\/03\/BobMoi_Flyer-209x300.jpg 209w, https:\/\/oliviermetellus.fr\/wp-content\/uploads\/2026\/03\/BobMoi_Flyer-768x1103.jpg 768w, https:\/\/oliviermetellus.fr\/wp-content\/uploads\/2026\/03\/BobMoi_Flyer.jpg 793w\" sizes=\"auto, (max-width: 713px) 100vw, 713px\" \/><\/a><\/figure><\/div>\n\n\n\n<div class=\"wp-block-column is-vertically-aligned-center is-layout-flow wp-block-column-is-layout-flow\" style=\"flex-basis:75%\"><h2 class=\"wp-block-post-title\"><a href=\"https:\/\/oliviermetellus.fr\/index.php\/2026\/02\/24\/bob-et-moi-alexandre-virapin-2\/\" target=\"_self\" >Bob et moi &#8211; Alexandre Virapin<\/a><\/h2>\n\n<div class=\"wp-block-post-excerpt\"><p class=\"wp-block-post-excerpt__excerpt\">Le 24 f\u00e9vrier, \u00e0 La Scala, j\u2019ai re\u00e7u une claque\u2026 douce et lumineuse. \u2728 Je suis all\u00e9 voir \u201cBob et moi\u201d, le one man show d\u2019Alexandre Virapin <\/p><\/div><\/div>\n<\/div>\n\n<\/li><li class=\"wp-block-post post-959 post type-post status-publish format-standard has-post-thumbnail hentry category-presences-dialogues\">\n\n<div class=\"wp-block-columns are-vertically-aligned-center is-layout-flex wp-container-core-columns-is-layout-28f84493 wp-block-columns-is-layout-flex\">\n<div class=\"wp-block-column is-vertically-aligned-center is-layout-flow wp-block-column-is-layout-flow\" style=\"flex-basis:25%\"><figure style=\"aspect-ratio:1;\" class=\"wp-block-post-featured-image\"><a href=\"https:\/\/oliviermetellus.fr\/index.php\/2026\/02\/21\/bob-et-moi-alexandre-virapin\/\" target=\"_self\"  ><img loading=\"lazy\" decoding=\"async\" width=\"667\" height=\"1024\" src=\"https:\/\/oliviermetellus.fr\/wp-content\/uploads\/2026\/03\/Confidentiel-667x1024.jpg\" class=\"attachment-large size-large wp-post-image\" alt=\"Nicole Cage \u00e0 la librairie Calypso\" style=\"width:100%;height:100%;object-fit:cover;\" srcset=\"https:\/\/oliviermetellus.fr\/wp-content\/uploads\/2026\/03\/Confidentiel-667x1024.jpg 667w, https:\/\/oliviermetellus.fr\/wp-content\/uploads\/2026\/03\/Confidentiel-195x300.jpg 195w, https:\/\/oliviermetellus.fr\/wp-content\/uploads\/2026\/03\/Confidentiel-768x1179.jpg 768w, https:\/\/oliviermetellus.fr\/wp-content\/uploads\/2026\/03\/Confidentiel.jpg 977w\" sizes=\"auto, (max-width: 667px) 100vw, 667px\" \/><\/a><\/figure><\/div>\n\n\n\n<div class=\"wp-block-column is-vertically-aligned-center is-layout-flow wp-block-column-is-layout-flow\" style=\"flex-basis:75%\"><h2 class=\"wp-block-post-title\"><a href=\"https:\/\/oliviermetellus.fr\/index.php\/2026\/02\/21\/bob-et-moi-alexandre-virapin\/\" target=\"_self\" >Nicole Cage \u00e0 la librairie Calypso<\/a><\/h2>\n\n<div class=\"wp-block-post-excerpt\"><p class=\"wp-block-post-excerpt__excerpt\">Samedi, sur une utile suggestion de mon ami Hugues Zinsou, j\u2019ai pouss\u00e9 la porte de la librairie Calypso (Paris 14e) pour une rencontre-d\u00e9dicace avec Nicole Cage.\u00a0 <\/p><\/div><\/div>\n<\/div>\n\n<\/li><li class=\"wp-block-post post-1190 post type-post status-publish format-standard has-post-thumbnail hentry category-presences-dialogues\">\n\n<div class=\"wp-block-columns are-vertically-aligned-center is-layout-flex wp-container-core-columns-is-layout-28f84493 wp-block-columns-is-layout-flex\">\n<div class=\"wp-block-column is-vertically-aligned-center is-layout-flow wp-block-column-is-layout-flow\" style=\"flex-basis:25%\"><figure style=\"aspect-ratio:1;\" class=\"wp-block-post-featured-image\"><a href=\"https:\/\/oliviermetellus.fr\/index.php\/2026\/02\/18\/decrypter-simone-de-beauvoir\/\" target=\"_self\"  ><img loading=\"lazy\" decoding=\"async\" width=\"725\" height=\"1024\" src=\"https:\/\/oliviermetellus.fr\/wp-content\/uploads\/2026\/03\/Simone-de-Beauvoir-a-Jean-Metellus-725x1024.png\" class=\"attachment-large size-large wp-post-image\" alt=\"D\u00e9crypter Simone de Beauvoir\" style=\"width:100%;height:100%;object-fit:cover;\" srcset=\"https:\/\/oliviermetellus.fr\/wp-content\/uploads\/2026\/03\/Simone-de-Beauvoir-a-Jean-Metellus-725x1024.png 725w, https:\/\/oliviermetellus.fr\/wp-content\/uploads\/2026\/03\/Simone-de-Beauvoir-a-Jean-Metellus-212x300.png 212w, https:\/\/oliviermetellus.fr\/wp-content\/uploads\/2026\/03\/Simone-de-Beauvoir-a-Jean-Metellus-768x1085.png 768w, https:\/\/oliviermetellus.fr\/wp-content\/uploads\/2026\/03\/Simone-de-Beauvoir-a-Jean-Metellus-1087x1536.png 1087w, https:\/\/oliviermetellus.fr\/wp-content\/uploads\/2026\/03\/Simone-de-Beauvoir-a-Jean-Metellus-1450x2048.png 1450w, https:\/\/oliviermetellus.fr\/wp-content\/uploads\/2026\/03\/Simone-de-Beauvoir-a-Jean-Metellus-scaled.png 1812w\" sizes=\"auto, (max-width: 725px) 100vw, 725px\" \/><\/a><\/figure><\/div>\n\n\n\n<div class=\"wp-block-column is-vertically-aligned-center is-layout-flow wp-block-column-is-layout-flow\" style=\"flex-basis:75%\"><h2 class=\"wp-block-post-title\"><a href=\"https:\/\/oliviermetellus.fr\/index.php\/2026\/02\/18\/decrypter-simone-de-beauvoir\/\" target=\"_self\" >D\u00e9crypter Simone de Beauvoir<\/a><\/h2>\n\n<div class=\"wp-block-post-excerpt\"><p class=\"wp-block-post-excerpt__excerpt\">Faire lire, relire, confronter les regards : autour d\u2019une lettre de Simone de Beauvoir \u00e0 Jean M\u00e9tellus. <\/p><\/div><\/div>\n<\/div>\n\n<\/li><li class=\"wp-block-post post-979 post type-post status-publish format-standard has-post-thumbnail hentry category-presences-dialogues\">\n\n<div class=\"wp-block-columns are-vertically-aligned-center is-layout-flex wp-container-core-columns-is-layout-28f84493 wp-block-columns-is-layout-flex\">\n<div class=\"wp-block-column is-vertically-aligned-center is-layout-flow wp-block-column-is-layout-flow\" style=\"flex-basis:25%\"><figure style=\"aspect-ratio:1;\" class=\"wp-block-post-featured-image\"><a href=\"https:\/\/oliviermetellus.fr\/index.php\/2026\/02\/14\/quand-jacmel-porte-sa-voix-jusqua-la-seine-musicale\/\" target=\"_self\"  ><img loading=\"lazy\" decoding=\"async\" width=\"819\" height=\"1024\" src=\"https:\/\/oliviermetellus.fr\/wp-content\/uploads\/2026\/02\/Entretien_Wagens_JeanLouis_LinkedIn_v2-819x1024.png\" class=\"attachment-large size-large wp-post-image\" alt=\"Quand Jacmel porte sa voix jusqu&rsquo;\u00e0 la Seine musicale\" style=\"width:100%;height:100%;object-fit:cover;\" srcset=\"https:\/\/oliviermetellus.fr\/wp-content\/uploads\/2026\/02\/Entretien_Wagens_JeanLouis_LinkedIn_v2-819x1024.png 819w, https:\/\/oliviermetellus.fr\/wp-content\/uploads\/2026\/02\/Entretien_Wagens_JeanLouis_LinkedIn_v2-240x300.png 240w, https:\/\/oliviermetellus.fr\/wp-content\/uploads\/2026\/02\/Entretien_Wagens_JeanLouis_LinkedIn_v2-768x960.png 768w, https:\/\/oliviermetellus.fr\/wp-content\/uploads\/2026\/02\/Entretien_Wagens_JeanLouis_LinkedIn_v2.png 1080w\" sizes=\"auto, (max-width: 819px) 100vw, 819px\" \/><\/a><\/figure><\/div>\n\n\n\n<div class=\"wp-block-column is-vertically-aligned-center is-layout-flow wp-block-column-is-layout-flow\" style=\"flex-basis:75%\"><h2 class=\"wp-block-post-title\"><a href=\"https:\/\/oliviermetellus.fr\/index.php\/2026\/02\/14\/quand-jacmel-porte-sa-voix-jusqua-la-seine-musicale\/\" target=\"_self\" >Quand Jacmel porte sa voix jusqu&rsquo;\u00e0 la Seine musicale<\/a><\/h2>\n\n<div class=\"wp-block-post-excerpt\"><p class=\"wp-block-post-excerpt__excerpt\">Je relaie, parce qu\u2019une voix venue de Jacmel peut rassembler bien au-del\u00e0 d&rsquo;Ha\u00efti. Abiga\u00efl Alexandre (laur\u00e9ate Eloquentia Jacmel 2025) est en finale internationale le 25 mars 2026 \u00e0 La Seine Musicale \u00e0 Paris. <\/p><\/div><\/div>\n<\/div>\n\n<\/li><\/ul><\/div>\n<\/div>\n","protected":false},"excerpt":{"rendered":"<p>Cette page rassemble une s\u00e9lection de moments publics et de rencontres : \u00e9changes, interventions, partenariats, visites, \u00e9tapes de projets.J\u2019y consigne une s\u00e9lection \u2014 contexte, rep\u00e8res, images \u2014 pour que ces traces restent lisibles hors des r\u00e9seaux.<\/p>\n","protected":false},"author":1,"featured_media":0,"parent":0,"menu_order":0,"comment_status":"closed","ping_status":"closed","template":"page-interne-bandeau-bleu","meta":{"footnotes":""},"class_list":["post-922","page","type-page","status-publish","hentry"],"_links":{"self":[{"href":"https:\/\/oliviermetellus.fr\/index.php\/wp-json\/wp\/v2\/pages\/922","targetHints":{"allow":["GET"]}}],"collection":[{"href":"https:\/\/oliviermetellus.fr\/index.php\/wp-json\/wp\/v2\/pages"}],"about":[{"href":"https:\/\/oliviermetellus.fr\/index.php\/wp-json\/wp\/v2\/types\/page"}],"author":[{"embeddable":true,"href":"https:\/\/oliviermetellus.fr\/index.php\/wp-json\/wp\/v2\/users\/1"}],"replies":[{"embeddable":true,"href":"https:\/\/oliviermetellus.fr\/index.php\/wp-json\/wp\/v2\/comments?post=922"}],"version-history":[{"count":12,"href":"https:\/\/oliviermetellus.fr\/index.php\/wp-json\/wp\/v2\/pages\/922\/revisions"}],"predecessor-version":[{"id":1084,"href":"https:\/\/oliviermetellus.fr\/index.php\/wp-json\/wp\/v2\/pages\/922\/revisions\/1084"}],"wp:attachment":[{"href":"https:\/\/oliviermetellus.fr\/index.php\/wp-json\/wp\/v2\/media?parent=922"}],"curies":[{"name":"wp","href":"https:\/\/api.w.org\/{rel}","templated":true}]}}