{"id":97,"date":"2026-03-06T15:24:08","date_gmt":"2026-03-06T15:24:08","guid":{"rendered":"https:\/\/oliviermetellus.fr\/?page_id=97"},"modified":"2026-03-06T16:27:18","modified_gmt":"2026-03-06T16:27:18","slug":"memoire-culture-responsabilite","status":"publish","type":"page","link":"https:\/\/oliviermetellus.fr\/index.php\/memoire-culture-responsabilite\/","title":{"rendered":"M\u00e9moire, culture, responsabilit\u00e9"},"content":{"rendered":"\n<div class=\"wp-block-group alignwide is-layout-flow wp-block-group-is-layout-flow\">\n<h2 class=\"wp-block-heading\">La m\u00e9moire<\/h2>\n\n\n\n<p>Pr\u00e9sider l\u2019AAJM, c\u2019est d\u2019abord assumer une responsabilit\u00e9 de <strong>m\u00e9moire<\/strong> : inventorier, classer, pr\u00e9server, rendre accessible. Le partenariat avec l\u2019IMEC (Institut de M\u00e9moire de l\u2019Ecriture Contemporaine) s\u2019inscrit dans cette exigence patrimoniale : le fonds Jean M\u00e9tellus y est archiv\u00e9 et mis \u00e0 disposition des chercheurs.<br>C\u2019est aussi pour cela que j&rsquo;ai accept\u00e9 le secr\u00e9tariat g\u00e9n\u00e9ral de la Nouvelle Pl\u00e9iade, je reste attentif aux formes d\u2019engagement qui consolident, humblement, les conditions de la transmission : une association, un secr\u00e9tariat, un collectif \u00e9ditorial \u2014 tout ce qui, sans bruit, permet \u00e0 des textes d\u2019\u00eatre port\u00e9s, lus, et partag\u00e9s.<\/p>\n\n\n\n<div style=\"height:30px\" aria-hidden=\"true\" class=\"wp-block-spacer\"><\/div>\n\n\n\n<blockquote class=\"wp-block-quote is-layout-flow wp-block-quote-is-layout-flow\">\n<p><em>Mais cette m\u00e9moire n\u2019a de sens que si elle devient <strong>culture partag\u00e9e<\/strong>. En dix ans, l\u2019AAJM a port\u00e9 une programmation continue de lectures, conf\u00e9rences, d\u00e9bats et rencontres ; elle a fait dialoguer litt\u00e9rature et m\u00e9decine, Cara\u00efbes et citoyennet\u00e9, Po\u00e9sie et sciences, l&rsquo;art pictural et l&rsquo;art litt\u00e9raire<\/em>.<\/p>\n<\/blockquote>\n\n\n\n<div style=\"height:30px\" aria-hidden=\"true\" class=\"wp-block-spacer\"><\/div>\n\n\n\n<h2 class=\"wp-block-heading\">La culture partag\u00e9e<\/h2>\n\n\n\n<p>La m\u00e9moire devient responsabilit\u00e9 lorsqu\u2019elle s\u2019\u00e9nonce et se partage : introductions d\u2019\u00e9v\u00e9nements, hommages en m\u00e9dias (TV, radio), pr\u00e9sentations th\u00e9matiques. <\/p>\n\n\n\n<p>Ces prises de parole ne \u201ccommentent\u201d pas seulement : elles l\u2019installent dans le pr\u00e9sent, aupr\u00e8s de publics vari\u00e9s, dans l\u2019espace francophone.<\/p>\n\n\n\n<div style=\"height:30px\" aria-hidden=\"true\" class=\"wp-block-spacer\"><\/div>\n\n\n\n<blockquote class=\"wp-block-quote is-layout-flow wp-block-quote-is-layout-flow\">\n<p><em>J\u2019ai choisi des formats inclusifs et des alliances concr\u00e8tes : Prix Jean M\u00e9tellus (r\u00e9serv\u00e9 aux ha\u00eftiens vivant en Ha\u00efti), cycles de rencontres (\u00e0 la Maison de l\u2019Am\u00e9rique Latine par exemple) et partenariats, \u00e9v\u00e9nement interpr\u00e9t\u00e9 en LSF \u00e0 Bonneuil dans la cadre du concours de po\u00e9sie Jean M\u00e9tellus organis\u00e9 par la ville, ancrage universitaire, circulation internationale<\/em><\/p>\n<\/blockquote>\n\n\n\n<div style=\"height:20px\" aria-hidden=\"true\" class=\"wp-block-spacer\"><\/div>\n\n\n\n<blockquote class=\"wp-block-quote is-layout-flow wp-block-quote-is-layout-flow\">\n<p><em>Enfin, il y a une responsabilit\u00e9 plus directement humaine : soutenir les jeunes trajectoires. L\u2019accueil d\u2019\u00e9tudiants ha\u00eftiens en m\u00e9decine, rendu possible par un accord CORPUHA\u2013APHM\u2013AAJM sign\u00e9 \u00e0 l\u2019Ambassade d\u2019Ha\u00efti (27 mai 2022), puis le stage de dix-huit \u00e9tudiants \u00e0 Marseille \u00e0 l\u2019\u00e9t\u00e9 2022, en est un exemple fort : une francophonie qui se prouve par la solidarit\u00e9 et la transmission des savoirs.<\/em><\/p>\n<\/blockquote>\n\n\n\n<div style=\"height:30px\" aria-hidden=\"true\" class=\"wp-block-spacer\"><\/div>\n\n\n\n<p>C\u2019est cela, au fond, que je veux incarner : une m\u00e9moire vivante et une action concr\u00e8te \u2014 fid\u00e8le au pass\u00e9, mais tourn\u00e9e vers l\u2019avenir et ce qui grandit.<\/p>\n\n\n\n<p>Mes anciens \u00e9crits et interviews sur le m\u00e9tissage (culturel, historique, artistique) ou mes plus r\u00e9centes interviews autour de l&rsquo;excellence \u00e9clairent une id\u00e9e centrale :<strong> la m\u00e9moire ne vaut que si elle circule, si elle relie, et si elle cr\u00e9e du commun<\/strong>. <strong>La culture<\/strong> devient alors <strong>responsabilit\u00e9<\/strong> : <strong>transmettre sans figer, ouvrir des passerelles, <\/strong>et donner \u00e0 des parcours singuliers une port\u00e9e qui d\u00e9passe l\u2019anecdote.<\/p>\n\n\n\n<div style=\"height:30px\" aria-hidden=\"true\" class=\"wp-block-spacer\"><\/div>\n\n\n\n<h2 class=\"wp-block-heading\"><strong>Pour aller plus loin<\/strong><\/h2>\n\n\n\n<div class=\"wp-block-group is-layout-flow wp-block-group-is-layout-flow\">\n<ul class=\"wp-block-list\">\n<li>Retour \u00e0 <a href=\"https:\/\/oliviermetellus.fr\/index.php\/culture-transmission\/\" data-type=\"page\" data-id=\"68\">Culture &amp; transmission<\/a><\/li>\n\n\n\n<li><strong>Lire aussi : <\/strong><a href=\"https:\/\/oliviermetellus.fr\/index.php\/une-histoire-de-transmission\/\" data-type=\"page\" data-id=\"84\"><strong>Une histoire de transmission<\/strong> <\/a>| <strong><a href=\"https:\/\/oliviermetellus.fr\/index.php\/valeurs-heritees-et-engagements\/\" data-type=\"page\" data-id=\"93\">Valeurs h\u00e9rit\u00e9es et engagements<\/a><\/strong><\/li>\n<\/ul>\n<\/div>\n<\/div>\n","protected":false},"excerpt":{"rendered":"<p>La m\u00e9moire Pr\u00e9sider l\u2019AAJM, c\u2019est d\u2019abord assumer une responsabilit\u00e9 de m\u00e9moire : inventorier, classer, pr\u00e9server, rendre accessible. Le partenariat avec l\u2019IMEC (Institut de M\u00e9moire de l\u2019Ecriture Contemporaine) s\u2019inscrit dans cette exigence patrimoniale : le fonds Jean M\u00e9tellus y est archiv\u00e9 et mis \u00e0 disposition des chercheurs.C\u2019est aussi pour cela que j&rsquo;ai accept\u00e9 le secr\u00e9tariat g\u00e9n\u00e9ral [&hellip;]<\/p>\n","protected":false},"author":1,"featured_media":0,"parent":0,"menu_order":0,"comment_status":"closed","ping_status":"closed","template":"page-interne-bandeau-bleu","meta":{"footnotes":""},"class_list":["post-97","page","type-page","status-publish","hentry"],"_links":{"self":[{"href":"https:\/\/oliviermetellus.fr\/index.php\/wp-json\/wp\/v2\/pages\/97","targetHints":{"allow":["GET"]}}],"collection":[{"href":"https:\/\/oliviermetellus.fr\/index.php\/wp-json\/wp\/v2\/pages"}],"about":[{"href":"https:\/\/oliviermetellus.fr\/index.php\/wp-json\/wp\/v2\/types\/page"}],"author":[{"embeddable":true,"href":"https:\/\/oliviermetellus.fr\/index.php\/wp-json\/wp\/v2\/users\/1"}],"replies":[{"embeddable":true,"href":"https:\/\/oliviermetellus.fr\/index.php\/wp-json\/wp\/v2\/comments?post=97"}],"version-history":[{"count":9,"href":"https:\/\/oliviermetellus.fr\/index.php\/wp-json\/wp\/v2\/pages\/97\/revisions"}],"predecessor-version":[{"id":1027,"href":"https:\/\/oliviermetellus.fr\/index.php\/wp-json\/wp\/v2\/pages\/97\/revisions\/1027"}],"wp:attachment":[{"href":"https:\/\/oliviermetellus.fr\/index.php\/wp-json\/wp\/v2\/media?parent=97"}],"curies":[{"name":"wp","href":"https:\/\/api.w.org\/{rel}","templated":true}]}}